{"id":2362,"date":"2020-07-30T10:46:57","date_gmt":"2020-07-30T10:46:57","guid":{"rendered":"https:\/\/planbwagen.de\/?page_id=2362"},"modified":"2021-07-10T13:39:54","modified_gmt":"2021-07-10T11:39:54","slug":"portugal","status":"publish","type":"page","link":"https:\/\/www.planbwagen.de\/it\/portogallo\/","title":{"rendered":"Portogallo"},"content":{"rendered":"<p>[et_pb_section fb_built=&#8220;1&#8243; fullwidth=&#8220;on&#8220; admin_label=&#8220;Header&#8220; _builder_version=&#8220;4.5.1&#8243; background_color=&#8220;#273037&#8243; background_image=&#8220;https:\/\/planbwagen.de\/wp-content\/uploads\/2020\/08\/Portugal-1.jpg&#8220; custom_padding=&#8220;0px|0|0px|0px|false|false&#8220; locked=&#8220;off&#8220;][et_pb_fullwidth_header title=&#8220;Portugal&#8220; text_orientation=&#8220;right&#8220; header_fullscreen=&#8220;on&#8220; background_overlay_color=&#8220;rgba(0,0,0,0)&#8220; logo_image_url=&#8220;https:\/\/planbwagen.de\/wp-content\/uploads\/2020\/08\/Portugal-Ponte-Luis-I-Camouflagwerftgzhuje.png&#8220; _builder_version=&#8220;4.5.1&#8243; title_font=&#8220;DCC Ash|700|||||||&#8220; title_text_align=&#8220;center&#8220; title_font_size=&#8220;80px&#8220; title_line_height=&#8220;1.1em&#8220; content_font=&#8220;Montserrat||||||||&#8220; content_line_height=&#8220;2em&#8220; subhead_font=&#8220;Ash||||||||&#8220; subhead_text_align=&#8220;center&#8220; subhead_font_size=&#8220;40px&#8220; subhead_line_height=&#8220;2em&#8220; background_color=&#8220;rgba(255,255,255,0)&#8220; background_enable_image=&#8220;off&#8220; parallax=&#8220;on&#8220; parallax_method=&#8220;on&#8220; custom_button_one=&#8220;on&#8220; button_one_text_size=&#8220;17px&#8220; button_one_text_color=&#8220;#ffffff&#8220; button_one_bg_color=&#8220;#ff6b5a&#8220; button_one_border_width=&#8220;7px&#8220; button_one_border_color=&#8220;#ff6b5a&#8220; button_one_border_radius=&#8220;100px&#8220; button_one_font=&#8220;Noto Sans|700||on|||||&#8220; button_one_use_icon=&#8220;off&#8220; module_alignment=&#8220;center&#8220; custom_margin=&#8220;||||false|false&#8220; custom_padding=&#8220;0px||0px||true|&#8220; custom_padding_tablet=&#8220;100px|||&#8220; custom_padding_phone=&#8220;||20%||false|false&#8220; custom_padding_last_edited=&#8220;on|phone&#8220; animation_style=&#8220;slide&#8220; animation_direction=&#8220;top&#8220; title_font_size_tablet=&#8220;40px&#8220; title_font_size_phone=&#8220;&#8220; title_font_size_last_edited=&#8220;on|tablet&#8220; subhead_font_size_tablet=&#8220;&#8220; subhead_font_size_phone=&#8220;20px&#8220; subhead_font_size_last_edited=&#8220;on|desktop&#8220; subhead_line_height_tablet=&#8220;&#8220; subhead_line_height_phone=&#8220;1.5em&#8220; subhead_line_height_last_edited=&#8220;on|phone&#8220; title_text_shadow_style=&#8220;preset2&#8243; subhead_text_shadow_style=&#8220;preset2&#8243; button_one_text_color_hover=&#8220;#ffffff&#8220; button_one_border_color_hover=&#8220;#ff9e59&#8243; button_one_border_radius_hover=&#8220;100px&#8220; button_one_bg_color_hover=&#8220;#ff9e59&#8243; button_one_text_size__hover_enabled=&#8220;off&#8220; button_two_text_size__hover_enabled=&#8220;off&#8220; button_one_text_color__hover_enabled=&#8220;on&#8220; button_one_text_color__hover=&#8220;#ffffff&#8220; button_two_text_color__hover_enabled=&#8220;off&#8220; button_one_border_width__hover_enabled=&#8220;off&#8220; button_two_border_width__hover_enabled=&#8220;off&#8220; button_one_border_color__hover_enabled=&#8220;on&#8220; button_one_border_color__hover=&#8220;#ff9e59&#8243; button_two_border_color__hover_enabled=&#8220;off&#8220; button_one_border_radius__hover_enabled=&#8220;on&#8220; button_one_border_radius__hover=&#8220;100px&#8220; button_two_border_radius__hover_enabled=&#8220;off&#8220; button_one_letter_spacing__hover_enabled=&#8220;off&#8220; button_two_letter_spacing__hover_enabled=&#8220;off&#8220; button_one_bg_color__hover_enabled=&#8220;on&#8220; button_one_bg_color__hover=&#8220;#ff9e59&#8243; button_two_bg_color__hover_enabled=&#8220;off&#8220;][\/et_pb_fullwidth_header][\/et_pb_section][et_pb_section fb_built=&#8220;1&#8243; admin_label=&#8220;Tour CTA &#038; Information Section&#8220; _builder_version=&#8220;4.5.1&#8243; background_color=&#8220;#949292&#8243; min_height=&#8220;4103px&#8220; custom_margin=&#8220;1px|||||&#8220; custom_padding=&#8220;0px|0px|0px|0px|false|false&#8220;][et_pb_row _builder_version=&#8220;4.5.1&#8243; _module_preset=&#8220;default&#8220; custom_padding=&#8220;0px|||||&#8220; animation_style=&#8220;slide&#8220; animation_direction=&#8220;top&#8220;][et_pb_column type=&#8220;4_4&#8243; _builder_version=&#8220;4.5.1&#8243; _module_preset=&#8220;default&#8220;][et_pb_blog fullwidth=&#8220;off&#8220; posts_number=&#8220;1000&#8243; include_categories=&#8220;8&#8243; masonry_tile_background_color=&#8220;#273037&#8243; _builder_version=&#8220;4.5.1&#8243; _module_preset=&#8220;default&#8220; header_font=&#8220;Montserrat|700|||||||&#8220; header_text_align=&#8220;center&#8220; header_text_color=&#8220;#ffffff&#8220; header_font_size=&#8220;24px&#8220; header_line_height=&#8220;1.5em&#8220; body_font=&#8220;Montserrat||||||||&#8220; body_text_align=&#8220;center&#8220; body_text_color=&#8220;#ffffff&#8220; body_font_size=&#8220;17px&#8220; body_line_height=&#8220;1.9em&#8220; meta_font=&#8220;Montserrat|700|||||||&#8220; meta_text_align=&#8220;center&#8220; meta_text_color=&#8220;#949292&#8243; read_more_font=&#8220;Montserrat||||||||&#8220; read_more_text_color=&#8220;#ffffff&#8220; pagination_font=&#8220;Montserrat||||||||&#8220; transform_scale=&#8220;97%|97%&#8220; text_orientation=&#8220;center&#8220; custom_padding=&#8220;||3px|||&#8220; border_radii=&#8220;on|7px|7px|7px|7px&#8220; border_width_all=&#8220;0px&#8220; box_shadow_style=&#8220;preset1&#8243;][\/et_pb_blog][\/et_pb_column][\/et_pb_row][et_pb_row _builder_version=&#8220;4.5.1&#8243; _module_preset=&#8220;default&#8220;][et_pb_column type=&#8220;4_4&#8243; _builder_version=&#8220;4.5.1&#8243; _module_preset=&#8220;default&#8220;][et_pb_divider color=&#8220;#ffffff&#8220; _builder_version=&#8220;4.5.1&#8243; _module_preset=&#8220;default&#8220; min_height=&#8220;140px&#8220;][\/et_pb_divider][et_pb_text _builder_version=&#8220;4.5.1&#8243; _module_preset=&#8220;default&#8220; text_text_color=&#8220;#ffffff&#8220; header_text_color=&#8220;#ffffff&#8220; header_2_text_color=&#8220;#ffffff&#8220;]<\/p>\n<h1>Viaggio in Portogallo con il Bulli<\/h1>\n<p>&nbsp;<\/p>\n<p>Il nostro viaggio in Portogallo \u00e8 stato uno dei pi\u00f9 belli che abbiamo mai vissuto! Ecco una panoramica delle nostre tappe pi\u00f9 importanti. Con la nostra VW Hector, non solo abbiamo visitato luoghi emozionanti, ma anche molti nuovi aggiornamenti! Il tempo in Portogallo ci ha regalato splendidi tramonti e giornate a volte spaventose in cui accoccolarsi. Ma questo non ci ha mai impedito di goderci appieno la giornata. Non \u00e8 sempre cos\u00ec? Prima di andare da qualche parte, si controllano le previsioni del tempo, che si rivelano buone. E non appena si parte, c'\u00e8 un'alta probabilit\u00e0 che le cose vadano diversamente.<\/p>\n<h2><\/h2>\n<h2><strong>Sole, pioggia, Porto<\/strong><\/h2>\n<p>&nbsp;<\/p>\n<p>Forse c'era da aspettarselo in questo periodo dell'anno. Avete potuto seguire i nostri resoconti di esperienze dal Portogallo per ben tre mesi. Anche se alcuni sostengono che il periodo migliore per una vacanza in Portogallo sia l'estate, devo dire che ottobre non ci ha deluso. Anche se la pioggia \u00e8 stata una compagna costante per le settimane successive, abbiamo proseguito fino al campeggio familiare Istas' Garden. L\u00ec ci siamo goduti la giornata in tranquillit\u00e0, prendendoci il tempo per un giro in bicicletta, fino alla \"Cappella del Senhor da Pedra\", una cappella costruita direttamente sulla spiaggia.<\/p>\n<p>\"Siate felici della pioggia. Se non lo fai, continuer\u00e0 a piovere\". Dipende dal proprio atteggiamento.<\/p>\n<p>La citt\u00e0 di Porto, dove ci troviamo per prima, deve essere convincente anche senza sole. A parte il ponte ferroviario di Ponte Maria Pia, il centro storico lungo il fiume rende questo luogo un vero spettacolo. La nostra prossima destinazione \u00e8 Nazar\u00e9, un luogo dove vogliamo trovare il sole. Ma cosa ci aspetta l\u00ec?<\/p>\n<h2><strong>\u00a0<\/strong><\/h2>\n<h2><strong>Dal mare e dal surf a Nazar\u00e9<\/strong><\/h2>\n<h2><strong>\u00a0<\/strong><\/h2>\n<p>Avete sentito parlare delle mostruose onde di 30 metri sulla costa di Nazar\u00e9? L'inverno \u00e8 la stagione delle onde giganti, quando molti atleti e curiosi si recano in pellegrinaggio nella cittadina per vedere lo spettacolo con i propri occhi. Anche noi siamo andati alla spiaggia Praia do Norte di Nazar\u00e9. Non per fare surf, ma per ammirare le onde impressionanti al chiarore del sole. Il faro del forte di S\u00e3o Miguel Arcanjo e il Parco Naturale Vale Para\u00edso sono altre due tappe obbligate. Sfruttiamo il breve tempo di sole durante il giorno per trovare un nuovo posto per dormire. Anche la cena dovrebbe cadere in una zona dove abbiamo abbastanza luce per lavare i piatti.<\/p>\n<p>A 65 km a nord di Lisbona, dopo Peniche, arriviamo a Praia da Areia Branca, in tedesco, spiaggia di sabbia bianca. In questa spiaggia, e anche in quelle successive in cui ci fermiamo, altri surfisti sono in giro durante il giorno, cavalcando le onde uniche. Tra loro ci sono anche alcuni tedeschi. Nei giorni successivi decidiamo di dare una possibilit\u00e0 al surf. Dove c'\u00e8 una volont\u00e0, c'\u00e8 un'onda! Cos\u00ec ci mettiamo la muta e proviamo. Naturalmente, abbiamo imparato su acque pi\u00f9 calme e non su onde mostruose come quelle dei professionisti di Nazar\u00e9. Tuttavia, \u00e8 stato pi\u00f9 faticoso di quanto sembri, il che \u00e8 sempre vero. Il tempo trascorso in spiaggia \u00e8 stato estenuante, ma soprattutto super - super cool.<\/p>\n<p>Alla fine del mondo, conosciuta anche come Cabo de Rocas, esploriamo la costa. Naturalmente qui non ci sono abissi impetuosi, ma scogliere di impressionante bellezza dove danzano le onde dell'Oceano Atlantico. Ancora una volta incontriamo compagni di viaggio amichevoli. In generale, possiamo dire che c'\u00e8 uno scambio molto positivo \"on the road\". Persone che si sentono pi\u00f9 a loro agio sulla strada che a casa. Si ricevono sempre consigli e suggerimenti lungo la strada. L'app \"Park4Night\" \u00e8 particolarmente popolare e la incontriamo sempre in queste conversazioni. E si \u00e8 dimostrata davvero utile per trovare parcheggio.<\/p>\n<p>&nbsp;<\/p>\n<h2><strong>Rondini nebbiose nelle montagne di Sintra<\/strong><\/h2>\n<p>&nbsp;<\/p>\n<p>Prima di arrivare a Sintra, approfittiamo dell'opportunit\u00e0 di guidare verso il Pal\u00e1cio Nacional da Pena. Passiamo davanti alla Quinta da Regaleira e facciamo una breve sosta al Pal\u00e1cio de Seteais. Le montagne di Sintra sono note per i loro numerosi miti e leggende su attivit\u00e0 soprannaturali. Qui non si trovano solo alpinisti e scalatori, ma anche amanti della cultura che vogliono ammirare i castelli portoghesi. Castelo dos Mouros, Pal\u00e1cio da Pena o Pal\u00e1cio Nacional de Sintra sono molto popolari. In linea con l'atmosfera inquietante, le giornate ci avvolgono in una coltre di nebbia mentre ci troviamo con Hector nella radura del Santu\u00e1rio da Peninha, sulle montagne di Sintra.<\/p>\n<p>&nbsp;<\/p>\n<h2><strong>Previsioni su Lisbona in ottobre? <\/strong><\/h2>\n<p>&nbsp;<\/p>\n<p>Lisboa (Lisbona nella lingua nazionale) offre molte attrazioni. Una delle pi\u00f9 famose \u00e8 il Ponte 25 de Abril, il ponte sospeso di 3,2 chilometri che attraversa il fiume Tago. \u00c8 il terzo ponte sospeso pi\u00f9 lungo del mondo con traffico stradale e ferroviario e ricorda molto il ponte di San Francisco. Non a caso, il Golden Gate Bridge non solo \u00e8 servito da modello, ma \u00e8 stato anche progettato dallo stesso architetto. Se volete scoprire la citt\u00e0 di Lisbona da soli, dovete pianificare bene le vostre escursioni. Ad esempio, \u00e8 facile spostarsi da un luogo all'altro con il tram o la metropolitana. A questo scopo, tra gli altri, utilizziamo anche Uber.<\/p>\n<p>Il clima di ottobre a Lisbona non delude. Spesso esce il sole e si possono scattare bellissime foto. Anche se di recente ha piovuto molto, le temperature e il clima sono ottimi in questa giornata. Per questo motivo ci rechiamo anche sul lungomare lungo il Tago. Anche da qui si pu\u00f2 vedere la grande statua del Cristo Rei, sulla riva sud del Tago, con le braccia aperte sopra Lisbona. Il resto della citt\u00e0 \u00e8 costituito dalla street art e dai graffiti. Questi ultimi sono in realt\u00e0 molto comuni in Portogallo, ma ne parleremo tra poco.<\/p>\n<p>&nbsp;<\/p>\n<h2><strong>Arte di strada e mercato di Lagos<\/strong><\/h2>\n<p>&nbsp;<\/p>\n<p>A novembre siamo a Lagos, una citt\u00e0 dell'Algarve. Un tempo Lagos era una roccaforte per i marinai coraggiosi. Da Lagos, sotto la guida di \"Enrico il Navigatore\", salparono numerose navi per esplorare la costa africana. Il capitano Gil Eanes os\u00f2 navigare oltre Capo Bojador (Sahara occidentale) nel 1433. I suoi 14 predecessori avevano abbandonato il viaggio per paura della presunta fine del mondo. Nel centro storico di Lagos abbiamo incontrato di nuovo la promessa arte di strada. Siamo rimasti completamente affascinati. Si potrebbe quasi pensare che Banksy sia stato qui e abbia fatto una guida di street art. Almeno la combinazione di un soldato e di Cappuccetto Rosso armato ci ha ricordato molto lui. Siamo rimasti particolarmente colpiti da un murale che combina le tradizionali piastrelle portoghesi con un ritratto. - Sicuramente un tour della street art sarebbe stato utile, perch\u00e9 non possiamo pensare di aver scoperto tutto ci\u00f2 che \u00e8 importante per puro caso.<\/p>\n<p>[\/et_pb_text][\/et_pb_column][\/et_pb_row][\/et_pb_section]<\/p>","protected":false},"excerpt":{"rendered":"<p>[et_pb_section fb_built=&#8220;1&#8243; fullwidth=&#8220;on&#8220; admin_label=&#8220;Header&#8220; _builder_version=&#8220;4.5.1&#8243; background_color=&#8220;#273037&#8243; background_image=&#8220;https:\/\/planbwagen.de\/wp-content\/uploads\/2020\/08\/Portugal-1.jpg&#8220; custom_padding=&#8220;0px|0|0px|0px|false|false&#8220; locked=&#8220;off&#8220;][et_pb_fullwidth_header title=&#8220;Portugal&#8220; text_orientation=&#8220;right&#8220; header_fullscreen=&#8220;on&#8220; background_overlay_color=&#8220;rgba(0,0,0,0)&#8220; logo_image_url=&#8220;https:\/\/planbwagen.de\/wp-content\/uploads\/2020\/08\/Portugal-Ponte-Luis-I-Camouflagwerftgzhuje.png&#8220; _builder_version=&#8220;4.5.1&#8243; title_font=&#8220;DCC Ash|700|||||||&#8220; title_text_align=&#8220;center&#8220; title_font_size=&#8220;80px&#8220; title_line_height=&#8220;1.1em&#8220; content_font=&#8220;Montserrat||||||||&#8220; content_line_height=&#8220;2em&#8220; subhead_font=&#8220;Ash||||||||&#8220; subhead_text_align=&#8220;center&#8220; subhead_font_size=&#8220;40px&#8220; subhead_line_height=&#8220;2em&#8220; background_color=&#8220;rgba(255,255,255,0)&#8220; background_enable_image=&#8220;off&#8220; parallax=&#8220;on&#8220; parallax_method=&#8220;on&#8220; custom_button_one=&#8220;on&#8220; button_one_text_size=&#8220;17px&#8220; button_one_text_color=&#8220;#ffffff&#8220; button_one_bg_color=&#8220;#ff6b5a&#8220; button_one_border_width=&#8220;7px&#8220; button_one_border_color=&#8220;#ff6b5a&#8220; button_one_border_radius=&#8220;100px&#8220; button_one_font=&#8220;Noto Sans|700||on|||||&#8220; button_one_use_icon=&#8220;off&#8220; module_alignment=&#8220;center&#8220; custom_margin=&#8220;||||false|false&#8220; custom_padding=&#8220;0px||0px||true|&#8220; custom_padding_tablet=&#8220;100px|||&#8220; custom_padding_phone=&#8220;||20%||false|false&#8220; custom_padding_last_edited=&#8220;on|phone&#8220; animation_style=&#8220;slide&#8220; animation_direction=&#8220;top&#8220; title_font_size_tablet=&#8220;40px&#8220; title_font_size_phone=&#8220;&#8220; title_font_size_last_edited=&#8220;on|tablet&#8220; subhead_font_size_tablet=&#8220;&#8220; subhead_font_size_phone=&#8220;20px&#8220; subhead_font_size_last_edited=&#8220;on|desktop&#8220; subhead_line_height_tablet=&#8220;&#8220; [&hellip;]<\/p>","protected":false},"author":1,"featured_media":0,"parent":0,"menu_order":0,"comment_status":"closed","ping_status":"closed","template":"","meta":{"_et_pb_use_builder":"on","_et_pb_old_content":"","_et_gb_content_width":"","footnotes":""},"class_list":["post-2362","page","type-page","status-publish","hentry"],"_links":{"self":[{"href":"https:\/\/www.planbwagen.de\/it\/wp-json\/wp\/v2\/pages\/2362","targetHints":{"allow":["GET"]}}],"collection":[{"href":"https:\/\/www.planbwagen.de\/it\/wp-json\/wp\/v2\/pages"}],"about":[{"href":"https:\/\/www.planbwagen.de\/it\/wp-json\/wp\/v2\/types\/page"}],"author":[{"embeddable":true,"href":"https:\/\/www.planbwagen.de\/it\/wp-json\/wp\/v2\/users\/1"}],"replies":[{"embeddable":true,"href":"https:\/\/www.planbwagen.de\/it\/wp-json\/wp\/v2\/comments?post=2362"}],"version-history":[{"count":42,"href":"https:\/\/www.planbwagen.de\/it\/wp-json\/wp\/v2\/pages\/2362\/revisions"}],"predecessor-version":[{"id":13708,"href":"https:\/\/www.planbwagen.de\/it\/wp-json\/wp\/v2\/pages\/2362\/revisions\/13708"}],"wp:attachment":[{"href":"https:\/\/www.planbwagen.de\/it\/wp-json\/wp\/v2\/media?parent=2362"}],"curies":[{"name":"wp","href":"https:\/\/api.w.org\/{rel}","templated":true}]}}