{"id":2362,"date":"2020-07-30T10:46:57","date_gmt":"2020-07-30T10:46:57","guid":{"rendered":"https:\/\/planbwagen.de\/?page_id=2362"},"modified":"2021-07-10T13:39:54","modified_gmt":"2021-07-10T11:39:54","slug":"portugal","status":"publish","type":"page","link":"https:\/\/www.planbwagen.de\/fr\/portugal\/","title":{"rendered":"Portugal"},"content":{"rendered":"<p>[et_pb_section fb_built=&#8220;1&#8243; fullwidth=&#8220;on&#8220; admin_label=&#8220;Header&#8220; _builder_version=&#8220;4.5.1&#8243; background_color=&#8220;#273037&#8243; background_image=&#8220;https:\/\/planbwagen.de\/wp-content\/uploads\/2020\/08\/Portugal-1.jpg&#8220; custom_padding=&#8220;0px|0|0px|0px|false|false&#8220; locked=&#8220;off&#8220;][et_pb_fullwidth_header title=&#8220;Portugal&#8220; text_orientation=&#8220;right&#8220; header_fullscreen=&#8220;on&#8220; background_overlay_color=&#8220;rgba(0,0,0,0)&#8220; logo_image_url=&#8220;https:\/\/planbwagen.de\/wp-content\/uploads\/2020\/08\/Portugal-Ponte-Luis-I-Camouflagwerftgzhuje.png&#8220; _builder_version=&#8220;4.5.1&#8243; title_font=&#8220;DCC Ash|700|||||||&#8220; title_text_align=&#8220;center&#8220; title_font_size=&#8220;80px&#8220; title_line_height=&#8220;1.1em&#8220; content_font=&#8220;Montserrat||||||||&#8220; content_line_height=&#8220;2em&#8220; subhead_font=&#8220;Ash||||||||&#8220; subhead_text_align=&#8220;center&#8220; subhead_font_size=&#8220;40px&#8220; subhead_line_height=&#8220;2em&#8220; background_color=&#8220;rgba(255,255,255,0)&#8220; background_enable_image=&#8220;off&#8220; parallax=&#8220;on&#8220; parallax_method=&#8220;on&#8220; custom_button_one=&#8220;on&#8220; button_one_text_size=&#8220;17px&#8220; button_one_text_color=&#8220;#ffffff&#8220; button_one_bg_color=&#8220;#ff6b5a&#8220; button_one_border_width=&#8220;7px&#8220; button_one_border_color=&#8220;#ff6b5a&#8220; button_one_border_radius=&#8220;100px&#8220; button_one_font=&#8220;Noto Sans|700||on|||||&#8220; button_one_use_icon=&#8220;off&#8220; module_alignment=&#8220;center&#8220; custom_margin=&#8220;||||false|false&#8220; custom_padding=&#8220;0px||0px||true|&#8220; custom_padding_tablet=&#8220;100px|||&#8220; custom_padding_phone=&#8220;||20%||false|false&#8220; custom_padding_last_edited=&#8220;on|phone&#8220; animation_style=&#8220;slide&#8220; animation_direction=&#8220;top&#8220; title_font_size_tablet=&#8220;40px&#8220; title_font_size_phone=&#8220;&#8220; title_font_size_last_edited=&#8220;on|tablet&#8220; subhead_font_size_tablet=&#8220;&#8220; subhead_font_size_phone=&#8220;20px&#8220; subhead_font_size_last_edited=&#8220;on|desktop&#8220; subhead_line_height_tablet=&#8220;&#8220; subhead_line_height_phone=&#8220;1.5em&#8220; subhead_line_height_last_edited=&#8220;on|phone&#8220; title_text_shadow_style=&#8220;preset2&#8243; subhead_text_shadow_style=&#8220;preset2&#8243; button_one_text_color_hover=&#8220;#ffffff&#8220; button_one_border_color_hover=&#8220;#ff9e59&#8243; button_one_border_radius_hover=&#8220;100px&#8220; button_one_bg_color_hover=&#8220;#ff9e59&#8243; button_one_text_size__hover_enabled=&#8220;off&#8220; button_two_text_size__hover_enabled=&#8220;off&#8220; button_one_text_color__hover_enabled=&#8220;on&#8220; button_one_text_color__hover=&#8220;#ffffff&#8220; button_two_text_color__hover_enabled=&#8220;off&#8220; button_one_border_width__hover_enabled=&#8220;off&#8220; button_two_border_width__hover_enabled=&#8220;off&#8220; button_one_border_color__hover_enabled=&#8220;on&#8220; button_one_border_color__hover=&#8220;#ff9e59&#8243; button_two_border_color__hover_enabled=&#8220;off&#8220; button_one_border_radius__hover_enabled=&#8220;on&#8220; button_one_border_radius__hover=&#8220;100px&#8220; button_two_border_radius__hover_enabled=&#8220;off&#8220; button_one_letter_spacing__hover_enabled=&#8220;off&#8220; button_two_letter_spacing__hover_enabled=&#8220;off&#8220; button_one_bg_color__hover_enabled=&#8220;on&#8220; button_one_bg_color__hover=&#8220;#ff9e59&#8243; button_two_bg_color__hover_enabled=&#8220;off&#8220;][\/et_pb_fullwidth_header][\/et_pb_section][et_pb_section fb_built=&#8220;1&#8243; admin_label=&#8220;Tour CTA &#038; Information Section&#8220; _builder_version=&#8220;4.5.1&#8243; background_color=&#8220;#949292&#8243; min_height=&#8220;4103px&#8220; custom_margin=&#8220;1px|||||&#8220; custom_padding=&#8220;0px|0px|0px|0px|false|false&#8220;][et_pb_row _builder_version=&#8220;4.5.1&#8243; _module_preset=&#8220;default&#8220; custom_padding=&#8220;0px|||||&#8220; animation_style=&#8220;slide&#8220; animation_direction=&#8220;top&#8220;][et_pb_column type=&#8220;4_4&#8243; _builder_version=&#8220;4.5.1&#8243; _module_preset=&#8220;default&#8220;][et_pb_blog fullwidth=&#8220;off&#8220; posts_number=&#8220;1000&#8243; include_categories=&#8220;8&#8243; masonry_tile_background_color=&#8220;#273037&#8243; _builder_version=&#8220;4.5.1&#8243; _module_preset=&#8220;default&#8220; header_font=&#8220;Montserrat|700|||||||&#8220; header_text_align=&#8220;center&#8220; header_text_color=&#8220;#ffffff&#8220; header_font_size=&#8220;24px&#8220; header_line_height=&#8220;1.5em&#8220; body_font=&#8220;Montserrat||||||||&#8220; body_text_align=&#8220;center&#8220; body_text_color=&#8220;#ffffff&#8220; body_font_size=&#8220;17px&#8220; body_line_height=&#8220;1.9em&#8220; meta_font=&#8220;Montserrat|700|||||||&#8220; meta_text_align=&#8220;center&#8220; meta_text_color=&#8220;#949292&#8243; read_more_font=&#8220;Montserrat||||||||&#8220; read_more_text_color=&#8220;#ffffff&#8220; pagination_font=&#8220;Montserrat||||||||&#8220; transform_scale=&#8220;97%|97%&#8220; text_orientation=&#8220;center&#8220; custom_padding=&#8220;||3px|||&#8220; border_radii=&#8220;on|7px|7px|7px|7px&#8220; border_width_all=&#8220;0px&#8220; box_shadow_style=&#8220;preset1&#8243;][\/et_pb_blog][\/et_pb_column][\/et_pb_row][et_pb_row _builder_version=&#8220;4.5.1&#8243; _module_preset=&#8220;default&#8220;][et_pb_column type=&#8220;4_4&#8243; _builder_version=&#8220;4.5.1&#8243; _module_preset=&#8220;default&#8220;][et_pb_divider color=&#8220;#ffffff&#8220; _builder_version=&#8220;4.5.1&#8243; _module_preset=&#8220;default&#8220; min_height=&#8220;140px&#8220;][\/et_pb_divider][et_pb_text _builder_version=&#8220;4.5.1&#8243; _module_preset=&#8220;default&#8220; text_text_color=&#8220;#ffffff&#8220; header_text_color=&#8220;#ffffff&#8220; header_2_text_color=&#8220;#ffffff&#8220;]<\/p>\n<h1>Un voyage en camion au Portugal<\/h1>\n<p>&nbsp;<\/p>\n<p>Notre voyage au Portugal a \u00e9t\u00e9 l'un des plus beaux qu'il nous ait \u00e9t\u00e9 donn\u00e9 de vivre ! Voici un aper\u00e7u de nos principaux arr\u00eats. Avec notre VW Hector, nous n'avons pas seulement visit\u00e9 des endroits passionnants, mais aussi de nombreuses nouvelles mises \u00e0 niveau ! Le temps au Portugal nous a offert de magnifiques couchers de soleil et parfois, pour se blottir, des journ\u00e9es effrayantes. Mais cela ne nous a jamais emp\u00each\u00e9s de profiter pleinement de nos journ\u00e9es. N'est-ce pas toujours le cas ? Avant de partir quelque part, on consulte les pr\u00e9visions m\u00e9t\u00e9o, qui s'av\u00e8rent bonnes. Et d\u00e8s que l'on part, il y a de fortes chances pour que les choses se passent autrement.<\/p>\n<h2><\/h2>\n<h2><strong>Soleil, pluie, porto<\/strong><\/h2>\n<p>&nbsp;<\/p>\n<p>Il ne pouvait peut-\u00eatre pas en \u00eatre autrement \u00e0 cette \u00e9poque de l'ann\u00e9e. Pendant trois mois entiers, vous avez pu suivre nos t\u00e9moignages sur le Portugal. M\u00eame si certaines personnes disent que la meilleure p\u00e9riode pour des vacances au Portugal est l'\u00e9t\u00e9, je dois dire que le mois d'octobre ne nous a pas d\u00e9\u00e7us. M\u00eame si la pluie nous a accompagn\u00e9s en permanence pendant les semaines suivantes, nous avons continu\u00e9 \u00e0 nous rendre au camping familial Istas' Garden. L\u00e0, nous profitons de la journ\u00e9e en toute tranquillit\u00e9, prenant le temps de faire un tour \u00e0 v\u00e9lo, jusqu'\u00e0 la \"Chapel of Senhor da Pedra\", une chapelle construite directement sur la plage.<\/p>\n<p>\"R\u00e9jouis-toi de la pluie. Si tu ne le fais pas, il continuera de pleuvoir quand m\u00eame\". Tout d\u00e9pend de l'attitude de chacun.<\/p>\n<p>La ville de Porto, dans laquelle nous nous trouvons d'abord, doit convaincre m\u00eame sans soleil. Mis \u00e0 part le pont ferroviaire Ponte Maria Pia, c'est en tout cas la vieille ville le long du fleuve qui fait de cet endroit une v\u00e9ritable curiosit\u00e9. Notre prochaine destination est Nazar\u00e9, un endroit o\u00f9 nous voulons trouver le soleil. Mais qu'est-ce qui nous attend l\u00e0-bas ?<\/p>\n<h2><strong>\u00a0<\/strong><\/h2>\n<h2><strong>De la mer et du surf \u00e0 Nazar\u00e9<\/strong><\/h2>\n<h2><strong>\u00a0<\/strong><\/h2>\n<p>Avez-vous entendu parler des monstrueuses vagues de 30 m\u00e8tres sur la c\u00f4te de Nazar\u00e9 ? L'hiver est la saison des vagues g\u00e9antes, durant laquelle de nombreux sportifs et curieux se rendent en p\u00e8lerinage dans la petite ville pour voir le spectacle de leurs propres yeux. Nous aussi, nous nous sommes rendus \u00e0 la plage Praia do Norte de Nazar\u00e9. Certes pas pour surfer, mais pour admirer les vagues imposantes \u00e0 la lueur du soleil. Le phare du fort de S\u00e3o Miguel Arcanjo et le parc naturel de Vale Para\u00edso sont deux autres arr\u00eats que nous avons d\u00fb faire. Nous avons profit\u00e9 du peu de temps de soleil dont nous disposions dans la journ\u00e9e pour trouver un nouvel endroit o\u00f9 dormir. Le d\u00eener devrait \u00e9galement se d\u00e9rouler dans la zone o\u00f9 nous aurons suffisamment de lumi\u00e8re pour faire notre vaisselle.<\/p>\n<p>\u00c0 65 km au nord de Lisbonne, en passant par Peniche, nous arrivons \u00e0 la Praia da Areia Branca, en fran\u00e7ais, la plage de sable blanc. Sur cette plage, ainsi que sur les suivantes o\u00f9 nous nous arr\u00eatons, d'autres surfeurs sont en route pendant la journ\u00e9e pour surfer sur les vagues uniques. Parmi eux, il y a aussi quelques Allemands. Les jours suivants, nous avons d\u00e9cid\u00e9 de donner une chance au surf. O\u00f9 il y a de la volont\u00e9, il y a des vagues ! Nous enfilons donc la combinaison et essayons. Bien s\u00fbr, nous avons appris sur des eaux plus calmes et non sur des vagues monstrueuses, comme les pros de Nazar\u00e9. Malgr\u00e9 tout, c'\u00e9tait plus fatigant qu'il n'y para\u00eet, ce qui est en fait toujours le cas. Le temps pass\u00e9 \u00e0 la plage \u00e9tait \u00e9puisant, mais surtout super - super g\u00e9nial.<\/p>\n<p>Au bout du monde, \u00e9galement connu sous le nom de Cabo de Rocas, nous explorons la c\u00f4te. Bien s\u00fbr, il n'y a pas de pr\u00e9cipices, mais d'impressionnantes et belles falaises sur lesquelles dansent les vagues de l'Atlantique. Nous rencontrons \u00e0 nouveau des compagnons de voyage sympathiques. De mani\u00e8re g\u00e9n\u00e9rale, nous pouvons dire qu'il y a des \u00e9changes tr\u00e8s positifs \"on the road\". Des gens qui se sentent plus \u00e0 l'aise en route que chez eux. On re\u00e7oit alors toujours des conseils et des astuces sur le chemin. L'application \"Park4Night\", sur laquelle nous tombons souvent lors de ces discussions, est particuli\u00e8rement appr\u00e9ci\u00e9e. Et pour trouver des emplacements, elle a vraiment fait ses preuves.<\/p>\n<p>&nbsp;<\/p>\n<h2><strong>Noyaux de brume dans les montagnes de Sintra<\/strong><\/h2>\n<p>&nbsp;<\/p>\n<p>Avant d'arriver \u00e0 Sintra, nous profitons de l'occasion pour faire un tour en direction du Pal\u00e1cio Nacional da Pena. Nous passons devant la Quinta da Regaleira et faisons une courte halte au Pal\u00e1cio de Seteais. Les montagnes de Sintra sont tr\u00e8s connues pour leurs nombreux mythes et l\u00e9gendes sur les activit\u00e9s surnaturelles. On y trouve non seulement des alpinistes et des grimpeurs, mais aussi des amateurs de culture qui veulent admirer les ch\u00e2teaux portugais. Le Castelo dos Mouros, le Pal\u00e1cio da Pena ou le Pal\u00e1cio Nacional de Sintra sont tr\u00e8s populaires. En accord avec l'ambiance lugubre, les jours nous entourent d'un halo de brouillard lorsque nous nous trouvons avec Hector dans la clairi\u00e8re du Santu\u00e1rio da Peninha dans les montagnes de Sintra.<\/p>\n<p>&nbsp;<\/p>\n<h2><strong>Pr\u00e9visions pour Lisbonne en octobre ? <\/strong><\/h2>\n<p>&nbsp;<\/p>\n<p>Lisboa (Lisbonne dans la langue du pays) offre de nombreuses attractions touristiques. L'un des plus connus est le Ponte 25 de Abril, le pont suspendu de 3,2 kilom\u00e8tres de long qui enjambe le Tage. Troisi\u00e8me pont suspendu le plus long du monde, avec un trafic routier et ferroviaire, il rappelle beaucoup le pont de San Francisco. En fait, ce n'est pas \u00e9tonnant, le Golden Gate Bridge n'a pas seulement servi de mod\u00e8le, il a \u00e9galement \u00e9t\u00e9 con\u00e7u par le m\u00eame architecte. Si l'on souhaite d\u00e9couvrir Lisbonne par soi-m\u00eame, il faut bien planifier ses excursions. Le tramway ou le m\u00e9tro, par exemple, permettent de se d\u00e9placer facilement d'un endroit \u00e0 l'autre. Nous utilisons aussi Uber \u00e0 cet effet.<\/p>\n<p>Le temps d'octobre \u00e0 Lisbonne ne nous d\u00e9\u00e7oit pas. Le soleil est souvent de la partie, ce qui nous permet de prendre de superbes photos. M\u00eame si les pr\u00e9cipitations ont \u00e9t\u00e9 plus fr\u00e9quentes ces derniers temps, les temp\u00e9ratures et le climat sont excellents ce jour-l\u00e0. C'est pourquoi nous nous rendons sur la promenade du Tage. D'ici aussi, on peut voir la grande statue de Cristo-Rei, sur la rive sud du Tage, les bras tendus au-dessus de Lisbonne. Ce que nous rencontrons aussi dans la ville, ce sont les arts de la rue et les graffitis. On les trouve m\u00eame tr\u00e8s souvent au Portugal, mais nous y reviendrons dans un instant.<\/p>\n<p>&nbsp;<\/p>\n<h2><strong>Lagos Street Art et march\u00e9<\/strong><\/h2>\n<p>&nbsp;<\/p>\n<p>En novembre, nous sommes \u00e0 Lagos, une ville de l'Algarve. Lagos \u00e9tait autrefois consid\u00e9r\u00e9e comme un haut lieu des navigateurs courageux. Sous le r\u00e8gne d'\"Henri le Navigateur\", de nombreux navires sont partis de Lagos pour explorer la c\u00f4te africaine. Le capitaine Gil Eanes a os\u00e9 franchir le cap Bojador (Sahara occidental) en 1433. Ses 14 pr\u00e9d\u00e9cesseurs avaient abandonn\u00e9 l'exp\u00e9dition par peur de la pr\u00e9tendue fin du monde. Dans la vieille ville de Lagos, nous rencontrons \u00e0 nouveau le street art promis. Nous avons \u00e9t\u00e9 totalement enthousiasm\u00e9s. On pourrait presque croire que Banksy est venu ici et a fait un guide de street art. Du moins, la combinaison d'un soldat et d'un petit chaperon rouge arm\u00e9 nous a beaucoup fait penser \u00e0 lui. Nous avons \u00e9t\u00e9 particuli\u00e8rement enthousiasm\u00e9s par une fresque murale qui combine le carrelage traditionnel portugais avec un portrait. - Un tour de street art aurait certainement valu la peine ici, car nous ne pouvons pas imaginer avoir d\u00e9couvert tout ce qui est important de cette mani\u00e8re purement par hasard.<\/p>\n<p>[\/et_pb_text][\/et_pb_column][\/et_pb_row][\/et_pb_section]<\/p>","protected":false},"excerpt":{"rendered":"<p>[et_pb_section fb_built=&#8220;1&#8243; fullwidth=&#8220;on&#8220; admin_label=&#8220;Header&#8220; _builder_version=&#8220;4.5.1&#8243; background_color=&#8220;#273037&#8243; background_image=&#8220;https:\/\/planbwagen.de\/wp-content\/uploads\/2020\/08\/Portugal-1.jpg&#8220; custom_padding=&#8220;0px|0|0px|0px|false|false&#8220; locked=&#8220;off&#8220;][et_pb_fullwidth_header title=&#8220;Portugal&#8220; text_orientation=&#8220;right&#8220; header_fullscreen=&#8220;on&#8220; background_overlay_color=&#8220;rgba(0,0,0,0)&#8220; logo_image_url=&#8220;https:\/\/planbwagen.de\/wp-content\/uploads\/2020\/08\/Portugal-Ponte-Luis-I-Camouflagwerftgzhuje.png&#8220; _builder_version=&#8220;4.5.1&#8243; title_font=&#8220;DCC Ash|700|||||||&#8220; title_text_align=&#8220;center&#8220; title_font_size=&#8220;80px&#8220; title_line_height=&#8220;1.1em&#8220; content_font=&#8220;Montserrat||||||||&#8220; content_line_height=&#8220;2em&#8220; subhead_font=&#8220;Ash||||||||&#8220; subhead_text_align=&#8220;center&#8220; subhead_font_size=&#8220;40px&#8220; subhead_line_height=&#8220;2em&#8220; background_color=&#8220;rgba(255,255,255,0)&#8220; background_enable_image=&#8220;off&#8220; parallax=&#8220;on&#8220; parallax_method=&#8220;on&#8220; custom_button_one=&#8220;on&#8220; button_one_text_size=&#8220;17px&#8220; button_one_text_color=&#8220;#ffffff&#8220; button_one_bg_color=&#8220;#ff6b5a&#8220; button_one_border_width=&#8220;7px&#8220; button_one_border_color=&#8220;#ff6b5a&#8220; button_one_border_radius=&#8220;100px&#8220; button_one_font=&#8220;Noto Sans|700||on|||||&#8220; button_one_use_icon=&#8220;off&#8220; module_alignment=&#8220;center&#8220; custom_margin=&#8220;||||false|false&#8220; custom_padding=&#8220;0px||0px||true|&#8220; custom_padding_tablet=&#8220;100px|||&#8220; custom_padding_phone=&#8220;||20%||false|false&#8220; custom_padding_last_edited=&#8220;on|phone&#8220; animation_style=&#8220;slide&#8220; animation_direction=&#8220;top&#8220; title_font_size_tablet=&#8220;40px&#8220; title_font_size_phone=&#8220;&#8220; title_font_size_last_edited=&#8220;on|tablet&#8220; subhead_font_size_tablet=&#8220;&#8220; subhead_font_size_phone=&#8220;20px&#8220; subhead_font_size_last_edited=&#8220;on|desktop&#8220; subhead_line_height_tablet=&#8220;&#8220; [&hellip;]<\/p>","protected":false},"author":1,"featured_media":0,"parent":0,"menu_order":0,"comment_status":"closed","ping_status":"closed","template":"","meta":{"_et_pb_use_builder":"on","_et_pb_old_content":"","_et_gb_content_width":"","footnotes":""},"class_list":["post-2362","page","type-page","status-publish","hentry"],"_links":{"self":[{"href":"https:\/\/www.planbwagen.de\/fr\/wp-json\/wp\/v2\/pages\/2362","targetHints":{"allow":["GET"]}}],"collection":[{"href":"https:\/\/www.planbwagen.de\/fr\/wp-json\/wp\/v2\/pages"}],"about":[{"href":"https:\/\/www.planbwagen.de\/fr\/wp-json\/wp\/v2\/types\/page"}],"author":[{"embeddable":true,"href":"https:\/\/www.planbwagen.de\/fr\/wp-json\/wp\/v2\/users\/1"}],"replies":[{"embeddable":true,"href":"https:\/\/www.planbwagen.de\/fr\/wp-json\/wp\/v2\/comments?post=2362"}],"version-history":[{"count":42,"href":"https:\/\/www.planbwagen.de\/fr\/wp-json\/wp\/v2\/pages\/2362\/revisions"}],"predecessor-version":[{"id":13708,"href":"https:\/\/www.planbwagen.de\/fr\/wp-json\/wp\/v2\/pages\/2362\/revisions\/13708"}],"wp:attachment":[{"href":"https:\/\/www.planbwagen.de\/fr\/wp-json\/wp\/v2\/media?parent=2362"}],"curies":[{"name":"wp","href":"https:\/\/api.w.org\/{rel}","templated":true}]}}