{"id":2353,"date":"2020-07-30T10:39:39","date_gmt":"2020-07-30T10:39:39","guid":{"rendered":"https:\/\/planbwagen.de\/?page_id=2353"},"modified":"2021-07-10T13:38:06","modified_gmt":"2021-07-10T11:38:06","slug":"spanien-spain","status":"publish","type":"page","link":"https:\/\/www.planbwagen.de\/fr\/espagne-spain\/","title":{"rendered":"Espagne"},"content":{"rendered":"<p>[et_pb_section fb_built=&#8220;1&#8243; fullwidth=&#8220;on&#8220; admin_label=&#8220;Header&#8220; _builder_version=&#8220;4.5.1&#8243; background_enable_color=&#8220;off&#8220; background_image=&#8220;https:\/\/planbwagen.de\/wp-content\/uploads\/2020\/08\/Spanien-1.jpg&#8220; background_position=&#8220;top_left&#8220; custom_padding=&#8220;0px|0|0px|0px|false|false&#8220; locked=&#8220;off&#8220;][et_pb_fullwidth_header title=&#8220;Spanien&#8220; text_orientation=&#8220;right&#8220; header_fullscreen=&#8220;on&#8220; background_overlay_color=&#8220;rgba(0,0,0,0)&#8220; logo_image_url=&#8220;https:\/\/planbwagen.de\/wp-content\/uploads\/2020\/08\/Spanien-Spain-Sagrada-Familia-Cadfghjmouflage-1.png&#8220; _builder_version=&#8220;4.5.1&#8243; title_font=&#8220;DCC Ash|700|||||||&#8220; title_text_align=&#8220;center&#8220; title_font_size=&#8220;80px&#8220; title_line_height=&#8220;1.1em&#8220; content_font=&#8220;Montserrat||||||||&#8220; content_line_height=&#8220;2em&#8220; subhead_font=&#8220;Ash||||||||&#8220; subhead_text_align=&#8220;center&#8220; subhead_font_size=&#8220;40px&#8220; subhead_line_height=&#8220;2em&#8220; background_enable_color=&#8220;off&#8220; background_enable_image=&#8220;off&#8220; parallax=&#8220;on&#8220; parallax_method=&#8220;on&#8220; custom_button_one=&#8220;on&#8220; button_one_text_size=&#8220;17px&#8220; button_one_text_color=&#8220;#ffffff&#8220; button_one_bg_color=&#8220;#ff6b5a&#8220; button_one_border_width=&#8220;7px&#8220; button_one_border_color=&#8220;#ff6b5a&#8220; button_one_border_radius=&#8220;100px&#8220; button_one_font=&#8220;Noto Sans|700||on|||||&#8220; button_one_use_icon=&#8220;off&#8220; module_alignment=&#8220;center&#8220; custom_margin=&#8220;|||&#8220; custom_padding=&#8220;0px||0px||true|&#8220; custom_padding_tablet=&#8220;100px|||&#8220; custom_padding_phone=&#8220;||20%||false|false&#8220; custom_padding_last_edited=&#8220;on|phone&#8220; animation_style=&#8220;slide&#8220; animation_direction=&#8220;top&#8220; title_font_size_tablet=&#8220;40px&#8220; title_font_size_phone=&#8220;&#8220; title_font_size_last_edited=&#8220;on|tablet&#8220; subhead_font_size_tablet=&#8220;&#8220; subhead_font_size_phone=&#8220;20px&#8220; subhead_font_size_last_edited=&#8220;on|desktop&#8220; subhead_line_height_tablet=&#8220;&#8220; subhead_line_height_phone=&#8220;1.5em&#8220; subhead_line_height_last_edited=&#8220;on|phone&#8220; title_text_shadow_style=&#8220;preset2&#8243; subhead_text_shadow_style=&#8220;preset2&#8243; button_one_text_color_hover=&#8220;#ffffff&#8220; button_one_border_color_hover=&#8220;#ff9e59&#8243; button_one_border_radius_hover=&#8220;100px&#8220; button_one_bg_color_hover=&#8220;#ff9e59&#8243; button_one_text_size__hover_enabled=&#8220;off&#8220; button_two_text_size__hover_enabled=&#8220;off&#8220; button_one_text_color__hover_enabled=&#8220;on&#8220; button_one_text_color__hover=&#8220;#ffffff&#8220; button_two_text_color__hover_enabled=&#8220;off&#8220; button_one_border_width__hover_enabled=&#8220;off&#8220; button_two_border_width__hover_enabled=&#8220;off&#8220; button_one_border_color__hover_enabled=&#8220;on&#8220; button_one_border_color__hover=&#8220;#ff9e59&#8243; button_two_border_color__hover_enabled=&#8220;off&#8220; button_one_border_radius__hover_enabled=&#8220;on&#8220; button_one_border_radius__hover=&#8220;100px&#8220; button_two_border_radius__hover_enabled=&#8220;off&#8220; button_one_letter_spacing__hover_enabled=&#8220;off&#8220; button_two_letter_spacing__hover_enabled=&#8220;off&#8220; button_one_bg_color__hover_enabled=&#8220;on&#8220; button_one_bg_color__hover=&#8220;#ff9e59&#8243; button_two_bg_color__hover_enabled=&#8220;off&#8220;][\/et_pb_fullwidth_header][\/et_pb_section][et_pb_section fb_built=&#8220;1&#8243; _builder_version=&#8220;4.5.1&#8243; _module_preset=&#8220;default&#8220; background_color=&#8220;#949292&#8243;][et_pb_row _builder_version=&#8220;4.5.1&#8243; _module_preset=&#8220;default&#8220;][et_pb_column type=&#8220;4_4&#8243; _builder_version=&#8220;4.5.1&#8243; _module_preset=&#8220;default&#8220;][et_pb_blog fullwidth=&#8220;off&#8220; posts_number=&#8220;10000&#8243; include_categories=&#8220;9&#8243; masonry_tile_background_color=&#8220;#273037&#8243; _builder_version=&#8220;4.5.1&#8243; _module_preset=&#8220;default&#8220; header_text_color=&#8220;#ffffff&#8220; body_text_color=&#8220;#ffffff&#8220; meta_text_color=&#8220;#ffffff&#8220; read_more_text_color=&#8220;#ffffff&#8220; pagination_text_color=&#8220;#ffffff&#8220; border_width_all=&#8220;0px&#8220; box_shadow_style=&#8220;preset1&#8243;][\/et_pb_blog][\/et_pb_column][\/et_pb_row][et_pb_row _builder_version=&#8220;4.5.1&#8243; _module_preset=&#8220;default&#8220;][et_pb_column type=&#8220;4_4&#8243; _builder_version=&#8220;4.5.1&#8243; _module_preset=&#8220;default&#8220;][et_pb_divider color=&#8220;#ffffff&#8220; _builder_version=&#8220;4.5.1&#8243; _module_preset=&#8220;default&#8220; min_height=&#8220;140px&#8220;][\/et_pb_divider][et_pb_text _builder_version=&#8220;4.5.1&#8243; _module_preset=&#8220;default&#8220; text_text_color=&#8220;#ffffff&#8220; header_text_color=&#8220;#ffffff&#8220; header_2_text_color=&#8220;#ffffff&#8220; header_3_text_color=&#8220;#ffffff&#8220;]<\/p>\n<h1><strong>De l'Atlantique \u00e0 la M\u00e9diterran\u00e9e en Espagne avec le camping-car Van<\/strong><\/h1>\n<p><strong>\u00a0<\/strong><\/p>\n<h2><strong>Espagne Partie 1 : VanLife dans le nord de l'Espagne<\/strong><\/h2>\n<h3><strong>La destination en ligne de mire - Camping sur la c\u00f4te atlantique et m\u00e9diterran\u00e9enne<\/strong><\/h3>\n<p>De septembre 2019 \u00e0 mars 2020, nous avons voyag\u00e9 en Espagne et au Portugal avec notre camping-car Van Hector. Nous avons pass\u00e9 les jours du 27 septembre au 13 octobre en Espagne et, apr\u00e8s notre tour du Portugal, nous sommes rentr\u00e9s en Espagne le 27 d\u00e9cembre, o\u00f9 nous sommes rest\u00e9s jusqu'au 14 mars. Nous avons v\u00e9cu de nombreuses exp\u00e9riences merveilleuses pendant cette p\u00e9riode de voyage, de la visite du mus\u00e9e Guggenheim \u00e0 Bilbao \u00e0 l'\u00e9veil du printemps \u00e0 Ibiza. Pour nous, le camping et le VanLife en soi sont et seront toujours d'une beaut\u00e9 incomparable, nous dirions m\u00eame que c'est notre grand amour.<\/p>\n<p>&nbsp;<\/p>\n<h3><strong>La premi\u00e8re partie du voyage en Espagne - Camper Van et le nord de l'Espagne vont bien ensemble<\/strong><\/h3>\n<p>L'une des premi\u00e8res \u00e9tapes en Espagne a \u00e9t\u00e9 Donostia-San Sebasti\u00e1n, une ville du nord de l'Espagne, pr\u00e8s de la fronti\u00e8re fran\u00e7aise. Elle est connue pour sa baie en forme de coquillage. Dans la vieille ville, nous avons rencontr\u00e9 beaucoup de gens sympathiques qui se tenaient dans les rues en d\u00e9gustant des tapas et du vin. Quelle ambiance ! Nous avons ensuite continu\u00e9 vers Biscaye, que l'on pourrait ais\u00e9ment qualifier de \"Tyrol du Sud\" de l'Espagne, du moins en ce qui concerne le paysage. Je n'oublierai pas de sit\u00f4t une le\u00e7on que cette \u00e9tape nous a apprise : \"Les bonnes choses prennent du temps\". En effet, l'heure pr\u00e9vue en direction de Bilbao s'est rapidement transform\u00e9e en six heures, gr\u00e2ce aux collines et aux montagnes qu'Hector, notre camping-car, a d\u00fb gravir avec nous et nos bagages \u00e0 bord. Mon conseil \u00e0 vous, si vous voyagez en camping-car, caravane ou v\u00e9hicule similaire : faites attention \u00e0 ne pas pr\u00e9voir trop de temps, rien ne pourra vous perturber de sit\u00f4t et vous vous \u00e9pargnerez un stress inutile.<\/p>\n<p>&nbsp;<\/p>\n<h3><strong>Avec le camping-car Van, directement le long de la mer jusqu'au mus\u00e9e Guggenheim et bien plus loin encore...<\/strong><\/h3>\n<p>L'un des moments forts de notre voyage en Espagne a \u00e9t\u00e9 notre visite au mus\u00e9e Guggenheim de Bilbao. Ce mus\u00e9e d'art moderne a ouvert ses portes en 1997 et le b\u00e2timent lui-m\u00eame ainsi que les pi\u00e8ces expos\u00e9es sont tr\u00e8s impressionnants. En route vers la Cantabrie, nous sommes pass\u00e9s devant le plus vieux ferry flottant du monde et nous ne voulions pas nous contenter de le regarder, c'est pourquoi nous avons d\u00e9cid\u00e9 de \"voyager\" un peu avec le ferry, afin que notre Hector, le camping-car, puisse aussi le d\u00e9couvrir - et que dire ? - Il l'a vraiment bien aim\u00e9. Lors d'une \u00e9tape ult\u00e9rieure, nous avons rencontr\u00e9 des randonneurs en ponchos de pluie color\u00e9s qui \"p\u00e8lerinaient\" leur chemin \u00e0 travers le nord de l'Espagne. J'\u00e9tais contente que nous puissions passer nos journ\u00e9es espagnoles dans le van de mani\u00e8re au moins un peu plus confortable, m\u00eame si notre studio roulant est un d\u00e9fi permanent, surtout en ce qui concerne l'espace.<\/p>\n<p>&nbsp;<\/p>\n<h3><strong>Rangement, ordre et organisation dans le camping-car - heureusement, il y a les Delta Bags et autres.<\/strong><\/h3>\n<p>Le VanLife se caract\u00e9rise notamment par le fait que de nombreuses choses doivent \u00eatre transport\u00e9es dans un espace restreint et, dans l'id\u00e9al, de mani\u00e8re \u00e0 ce qu'elles soient toujours rapidement \u00e0 port\u00e9e de main.\u00a0\u00a0<\/p>\n<p>C'est pourquoi je suis tr\u00e8s content de nos petits outils de rangement. Le fournisseur Delta Bags nous pla\u00eet particuli\u00e8rement avec ses produits d'organisation pour \u00e9quiper les camping-cars. Delta Bags propose des articles \u00e0 suspendre ou \u00e0 attacher, par exemple. Une bonne fixation, un espace de rangement, une organisation intelligente et une protection s\u00fbre de l'\u00e9quipement sont toujours au centre des produits. Nous avons nous-m\u00eames les Litter Holder S et M, qui ont \u00e9t\u00e9 con\u00e7us pour le rangement des d\u00e9chets. Nous poss\u00e9dons \u00e9galement une housse de roue de secours de Delta Bags. Si vous souhaitez obtenir plus d'informations sur les offres de Delta Bags, il vous suffit de consulter leur site Internet, vous y trouverez toutes les r\u00e9ponses dont vous avez besoin.<\/p>\n<p>&nbsp;<\/p>\n<p>&nbsp;<\/p>\n<h2><strong>Espagne Partie 2 : VanLife dans le sud de l'Espagne<\/strong><\/h2>\n<h3><strong>Hector nous emm\u00e8ne dans le sud de l'Espagne - La vie en van peut \u00eatre aussi belle que cela<\/strong><\/h3>\n<p>Apr\u00e8s le Portugal, voici \u00e0 nouveau l'Espagne, le sud de l'Espagne pour \u00eatre plus pr\u00e9cis. Nous y avons d\u00e9couvert la magnifique Ruta de los Pueblos Blancos en Andalousie et avons rendu visite aux sources chaudes pr\u00e8s de Santa Fe. Un plaisir tout particulier avec musique et odeur de cannabis. Dans le cadre de la d\u00e9couverte de ces r\u00e9gions du sud de l'Espagne, nous avons \u00e9galement visit\u00e9 Valence, la troisi\u00e8me plus grande ville d'Espagne. Et quelle meilleure fa\u00e7on de profiter de notre visite que d'aller chez le coiffeur ? Apr\u00e8s six semaines sans se faire couper les cheveux, c'est en g\u00e9n\u00e9ral une bonne d\u00e9cision, surtout pour les cheveux courts.<\/p>\n<p>&nbsp;<\/p>\n<h3><strong>Ibiza - Le camping-car rencontre l'\u00eele espagnole de la M\u00e9diterran\u00e9e<\/strong><\/h3>\n<p>Si je pouvais choisir, je d\u00e9ciderais certainement de revenir \u00e0 Ibiza pour accueillir le printemps 2020. La natation, les bains de mer et la d\u00e9tente m'ont particuli\u00e8rement plu l\u00e0-bas. Et je consid\u00e9rerais aussi comme une exp\u00e9rience int\u00e9ressante la m\u00e9ditation, avec des instructions en anglais. Le 14 mars, nous quittons Ibiza et l'Espagne, ce qui est vraiment une exp\u00e9rience formidable.<\/p>\n<p>[\/et_pb_text][\/et_pb_column][\/et_pb_row][\/et_pb_section]<\/p>","protected":false},"excerpt":{"rendered":"<p>[et_pb_section fb_built=&#8220;1&#8243; fullwidth=&#8220;on&#8220; admin_label=&#8220;Header&#8220; _builder_version=&#8220;4.5.1&#8243; background_enable_color=&#8220;off&#8220; background_image=&#8220;https:\/\/planbwagen.de\/wp-content\/uploads\/2020\/08\/Spanien-1.jpg&#8220; background_position=&#8220;top_left&#8220; custom_padding=&#8220;0px|0|0px|0px|false|false&#8220; locked=&#8220;off&#8220;][et_pb_fullwidth_header title=&#8220;Spanien&#8220; text_orientation=&#8220;right&#8220; header_fullscreen=&#8220;on&#8220; background_overlay_color=&#8220;rgba(0,0,0,0)&#8220; logo_image_url=&#8220;https:\/\/planbwagen.de\/wp-content\/uploads\/2020\/08\/Spanien-Spain-Sagrada-Familia-Cadfghjmouflage-1.png&#8220; _builder_version=&#8220;4.5.1&#8243; title_font=&#8220;DCC Ash|700|||||||&#8220; title_text_align=&#8220;center&#8220; title_font_size=&#8220;80px&#8220; title_line_height=&#8220;1.1em&#8220; content_font=&#8220;Montserrat||||||||&#8220; content_line_height=&#8220;2em&#8220; subhead_font=&#8220;Ash||||||||&#8220; subhead_text_align=&#8220;center&#8220; subhead_font_size=&#8220;40px&#8220; subhead_line_height=&#8220;2em&#8220; background_enable_color=&#8220;off&#8220; background_enable_image=&#8220;off&#8220; parallax=&#8220;on&#8220; parallax_method=&#8220;on&#8220; custom_button_one=&#8220;on&#8220; button_one_text_size=&#8220;17px&#8220; button_one_text_color=&#8220;#ffffff&#8220; button_one_bg_color=&#8220;#ff6b5a&#8220; button_one_border_width=&#8220;7px&#8220; button_one_border_color=&#8220;#ff6b5a&#8220; button_one_border_radius=&#8220;100px&#8220; button_one_font=&#8220;Noto Sans|700||on|||||&#8220; button_one_use_icon=&#8220;off&#8220; module_alignment=&#8220;center&#8220; custom_margin=&#8220;|||&#8220; custom_padding=&#8220;0px||0px||true|&#8220; custom_padding_tablet=&#8220;100px|||&#8220; custom_padding_phone=&#8220;||20%||false|false&#8220; custom_padding_last_edited=&#8220;on|phone&#8220; animation_style=&#8220;slide&#8220; animation_direction=&#8220;top&#8220; title_font_size_tablet=&#8220;40px&#8220; title_font_size_phone=&#8220;&#8220; title_font_size_last_edited=&#8220;on|tablet&#8220; subhead_font_size_tablet=&#8220;&#8220; subhead_font_size_phone=&#8220;20px&#8220; subhead_font_size_last_edited=&#8220;on|desktop&#8220; [&hellip;]<\/p>","protected":false},"author":1,"featured_media":0,"parent":0,"menu_order":0,"comment_status":"closed","ping_status":"closed","template":"","meta":{"_et_pb_use_builder":"on","_et_pb_old_content":"","_et_gb_content_width":"","footnotes":""},"class_list":["post-2353","page","type-page","status-publish","hentry"],"_links":{"self":[{"href":"https:\/\/www.planbwagen.de\/fr\/wp-json\/wp\/v2\/pages\/2353","targetHints":{"allow":["GET"]}}],"collection":[{"href":"https:\/\/www.planbwagen.de\/fr\/wp-json\/wp\/v2\/pages"}],"about":[{"href":"https:\/\/www.planbwagen.de\/fr\/wp-json\/wp\/v2\/types\/page"}],"author":[{"embeddable":true,"href":"https:\/\/www.planbwagen.de\/fr\/wp-json\/wp\/v2\/users\/1"}],"replies":[{"embeddable":true,"href":"https:\/\/www.planbwagen.de\/fr\/wp-json\/wp\/v2\/comments?post=2353"}],"version-history":[{"count":33,"href":"https:\/\/www.planbwagen.de\/fr\/wp-json\/wp\/v2\/pages\/2353\/revisions"}],"predecessor-version":[{"id":13706,"href":"https:\/\/www.planbwagen.de\/fr\/wp-json\/wp\/v2\/pages\/2353\/revisions\/13706"}],"wp:attachment":[{"href":"https:\/\/www.planbwagen.de\/fr\/wp-json\/wp\/v2\/media?parent=2353"}],"curies":[{"name":"wp","href":"https:\/\/api.w.org\/{rel}","templated":true}]}}