{"id":2228,"date":"2020-07-27T14:20:39","date_gmt":"2020-07-27T14:20:39","guid":{"rendered":"https:\/\/planbwagen.de\/?page_id=2228"},"modified":"2021-11-18T13:58:37","modified_gmt":"2021-11-18T11:58:37","slug":"about-us","status":"publish","type":"page","link":"https:\/\/www.planbwagen.de\/fr\/a-propos-de-nous\/","title":{"rendered":"\u00c0 propos de nous"},"content":{"rendered":"<p>[et_pb_section fb_built=&#8220;1&#8243; admin_label=&#8220;Header&#8220; _builder_version=&#8220;4.5.1&#8243; background_color=&#8220;#273037&#8243; custom_padding=&#8220;0px|||||&#8220;][et_pb_row column_structure=&#8220;1_2,1_2&#8243; padding_top_bottom_link_1=&#8220;false&#8220; padding_top_bottom_link_2=&#8220;false&#8220; _builder_version=&#8220;4.5.1&#8243; background_color=&#8220;#4c4c50&#8243; width=&#8220;100%&#8220; max_width=&#8220;none&#8220; module_alignment=&#8220;left&#8220; custom_margin=&#8220;|auto|-35px|auto||&#8220; custom_padding=&#8220;0px||||false&#8220; animation_style=&#8220;slide&#8220; animation_direction=&#8220;top&#8220;][et_pb_column type=&#8220;1_2&#8243; _builder_version=&#8220;4.5.1&#8243; background_color=&#8220;#949292&#8243; custom_padding=&#8220;90px|120px|140px|10vw&#8220; custom_padding_tablet=&#8220;60px|10vw|60px|10vw|true|true&#8220; custom_padding_phone=&#8220;&#8220; custom_padding_last_edited=&#8220;on|tablet&#8220; custom_padding__hover=&#8220;|||&#8220;][et_pb_text _builder_version=&#8220;4.5.1&#8243; text_font=&#8220;Lato||||||||&#8220; text_font_size=&#8220;22px&#8220; text_line_height=&#8220;1.8em&#8220; header_font=&#8220;DCC Ash|700|||||||&#8220; header_font_size=&#8220;80px&#8220; header_line_height=&#8220;1.2em&#8220; background_layout=&#8220;dark&#8220; text_font_size_tablet=&#8220;&#8220; text_font_size_phone=&#8220;18px&#8220; text_font_size_last_edited=&#8220;on|phone&#8220; header_font_size_tablet=&#8220;60px&#8220; header_font_size_phone=&#8220;36px&#8220; header_font_size_last_edited=&#8220;on|phone&#8220;]<\/p>\n<h1>\u00c0 propos de nous -<\/h1>\n<h1>C'est nous<\/h1>\n<p>[\/et_pb_text][et_pb_divider color=&#8220;#ffffff&#8220; divider_weight=&#8220;5px&#8220; _builder_version=&#8220;3.23.3&#8243; max_width=&#8220;100px&#8220;][\/et_pb_divider][et_pb_text _builder_version=&#8220;4.5.1&#8243; text_font=&#8220;Montserrat||||||||&#8220; text_line_height=&#8220;1.8em&#8220; header_font=&#8220;||||||||&#8220; header_2_font=&#8220;PT Serif||||||||&#8220; header_2_font_size=&#8220;42px&#8220; header_2_line_height=&#8220;1.2em&#8220; text_orientation=&#8220;justify&#8220; background_layout=&#8220;dark&#8220; width=&#8220;100%&#8220; max_width=&#8220;400px&#8220; max_width_tablet=&#8220;100%&#8220; max_width_phone=&#8220;&#8220; max_width_last_edited=&#8220;on|tablet&#8220; custom_margin=&#8220;|||&#8220; text_font_size_tablet=&#8220;&#8220; text_font_size_phone=&#8220;15px&#8220; text_font_size_last_edited=&#8220;on|desktop&#8220; header_2_font_tablet=&#8220;&#8220; header_2_font_phone=&#8220;&#8220; header_2_font_last_edited=&#8220;on|tablet&#8220; header_2_font_size_tablet=&#8220;&#8220; header_2_font_size_phone=&#8220;30px&#8220; header_2_font_size_last_edited=&#8220;on|desktop&#8220; text_text_align=&#8220;justify&#8220;]<\/p>\n<p>Torgit et Marc, il n'y a pas que les voyages qui nous lient. Nous sommes en couple depuis 2012. Mari\u00e9s depuis 2016.  Depuis 2020, nous sommes chez nous sur les routes du monde entier.<\/p>\n<p>Ce ne sont pas seulement les points communs qui nous compl\u00e8tent, mais surtout les contradictions.<\/p>\n<p>[\/et_pb_text][\/et_pb_column][et_pb_column type=&#8220;1_2&#8243; _builder_version=&#8220;4.5.1&#8243; background_color=&#8220;#4c4c50&#8243; custom_padding=&#8220;140px|10vw|40px|&#8220; custom_padding_tablet=&#8220;30px|10vw||10vw||true&#8220; custom_padding_phone=&#8220;&#8220; custom_padding_last_edited=&#8220;on|tablet&#8220; custom_padding__hover=&#8220;|||&#8220;][et_pb_image src=&#8220;https:\/\/planbwagen.de\/wp-content\/uploads\/2020\/08\/image11.jpg&#8220; title_text=&#8220;image11&#8243; _builder_version=&#8220;4.5.1&#8243; _module_preset=&#8220;default&#8220; box_shadow_style=&#8220;preset1&#8243;][\/et_pb_image][\/et_pb_column][\/et_pb_row][et_pb_row column_structure=&#8220;1_2,1_2&#8243; _builder_version=&#8220;4.5.1&#8243; _module_preset=&#8220;default&#8220; background_color=&#8220;#273037&#8243; width=&#8220;100%&#8220; max_width=&#8220;none&#8220; animation_style=&#8220;slide&#8220; animation_direction=&#8220;top&#8220;][et_pb_column type=&#8220;1_2&#8243; _builder_version=&#8220;4.5.1&#8243; _module_preset=&#8220;default&#8220; background_color=&#8220;#273037&#8243;][et_pb_image src=&#8220;https:\/\/www.planbwagen.de\/wp-content\/uploads\/2020\/09\/Torgit-rund-rund.png&#8220; title_text=&#8220;Torgit-rund-rund&#8220; align=&#8220;center&#8220; _builder_version=&#8220;4.5.1&#8243; _module_preset=&#8220;default&#8220; background_color=&#8220;#273037&#8243; width=&#8220;80%&#8220; max_width=&#8220;80%&#8220; module_alignment=&#8220;center&#8220; min_height=&#8220;456px&#8220; custom_margin=&#8220;15%||||false|false&#8220;][\/et_pb_image][\/et_pb_column][et_pb_column type=&#8220;1_2&#8243; _builder_version=&#8220;4.5.1&#8243; _module_preset=&#8220;default&#8220; custom_padding=&#8220;||||false|false&#8220; custom_padding_tablet=&#8220;&#8220; custom_padding_phone=&#8220;|||3%|false|false&#8220; custom_padding_last_edited=&#8220;on|phone&#8220;][et_pb_text _builder_version=&#8220;4.5.1&#8243; _module_preset=&#8220;default&#8220; header_text_color=&#8220;#ffffff&#8220; header_2_font=&#8220;DCC Ash||||||||&#8220; header_2_text_color=&#8220;#ffffff&#8220; header_2_font_size=&#8220;42px&#8220; width=&#8220;80%&#8220; max_width=&#8220;80%&#8220;]<\/p>\n<h2 style=\"text-align: center;\">Torgit<\/h2>\n<p>[\/et_pb_text][et_pb_text _builder_version=&#8220;4.5.1&#8243; _module_preset=&#8220;default&#8220; text_font=&#8220;Montserrat||||||||&#8220; text_text_color=&#8220;#ffffff&#8220; header_text_color=&#8220;#ffffff&#8220; text_orientation=&#8220;center&#8220; width=&#8220;80%&#8220; max_width=&#8220;80%&#8220; custom_margin=&#8220;||||false|false&#8220; custom_padding=&#8220;||||false|false&#8220; custom_padding_tablet=&#8220;&#8220; custom_padding_phone=&#8220;|||10%|false|false&#8220; custom_padding_last_edited=&#8220;on|phone&#8220;]<\/p>\n<p style=\"text-align: justify;\">Hi, mein Name ist Torgit. Ich bin der brave &#8218;Zahlen, Daten, Fakten&#8216; Teil der H\u00e4usgens, der an einer roten Ampel stehen bleibt. Jahrgang 1969.<\/p>\n<p style=\"text-align: justify;\">Je viens de Bonn, j'ai rejoint Marc \u00e0 Cologne en 2013 et j'ai appris que ces deux villes ne pouvaient pas \u00eatre plus diff\u00e9rentes malgr\u00e9 leur proximit\u00e9.<\/p>\n<p style=\"text-align: justify;\">Dans la petite ville bourgeoise de Bonn, on respecte les r\u00e8gles, \u00e0 Cologne, c'est la loi fondamentale de Cologne qui s'applique : \"Et k\u00fctt wie et k\u00fctt\" et \"Et h\u00e4tt noch emmer joot jejange\". Ma devise est 'vivre et laisser vivre'.<\/p>\n<p style=\"text-align: justify;\">Dans ma 1\u00e8re vie, j'\u00e9tais g\u00e9om\u00e8tre, jusqu'\u00e0 ce que je tombe un peu malade en 2011 et que j'aie la chance que mon administration me mette \u00e0 la retraite en 2014, inapte au travail.<\/p>\n<p style=\"text-align: justify;\">Marc et moi nous sommes rencontr\u00e9s et aim\u00e9s en 2012, puis nous nous sommes mari\u00e9s en 2016.<\/p>\n<p style=\"text-align: justify;\">J'ai d\u00e9couvert les voyages (circulaires) il y a de nombreuses ann\u00e9es : Cuba, le Sri Lanka, les Maldives, Washington ou m\u00eame un court s\u00e9jour \u00e0 Munich, Berlin et toujours avec plaisir \u00e0 la mer Baltique. J'adore la nature. Plus de mer est mon mantra. Et pourtant, \"quand je vois la mer, je n'ai plus besoin de la mer\".<\/p>\n<p>[\/et_pb_text][\/et_pb_column][\/et_pb_row][et_pb_row _builder_version=&#8220;4.5.1&#8243; _module_preset=&#8220;default&#8220; background_color=&#8220;#949292&#8243; width=&#8220;100%&#8220; max_width=&#8220;none&#8220; animation_style=&#8220;slide&#8220; animation_direction=&#8220;top&#8220;][et_pb_column type=&#8220;4_4&#8243; _builder_version=&#8220;4.5.1&#8243; _module_preset=&#8220;default&#8220; background_color=&#8220;#949292&#8243;][et_pb_image src=&#8220;https:\/\/planbwagen.de\/wp-content\/uploads\/2020\/08\/Marc-rund.png&#8220; title_text=&#8220;Marc rund&#8220; align=&#8220;center&#8220; _builder_version=&#8220;4.5.1&#8243; _module_preset=&#8220;default&#8220; background_color=&#8220;#949292&#8243; width=&#8220;80%&#8220; max_width=&#8220;80%&#8220; module_alignment=&#8220;center&#8220;][\/et_pb_image][et_pb_text _builder_version=&#8220;4.5.1&#8243; _module_preset=&#8220;default&#8220; header_2_font=&#8220;DCC Ash||||||||&#8220; header_2_text_color=&#8220;#ffffff&#8220; header_2_font_size=&#8220;42px&#8220; width=&#8220;80%&#8220; max_width=&#8220;80%&#8220; module_alignment=&#8220;center&#8220;]<\/p>\n<h2 style=\"text-align: center;\">Marc<\/h2>\n<p>[\/et_pb_text][et_pb_text _builder_version=&#8220;4.5.1&#8243; _module_preset=&#8220;default&#8220; text_font=&#8220;Montserrat||||||||&#8220; text_text_color=&#8220;#ffffff&#8220; width=&#8220;80%&#8220; module_alignment=&#8220;center&#8220;]<\/p>\n<p style=\"text-align: justify;\">\"Peut-\u00eatre que je deviendrai vieux, peut-\u00eatre que je deviendrai gris, mais jamais, jamais je ne grandirai\".<\/p>\n<p style=\"text-align: justify;\">Je suis vieux, je suis gris, mais qu'en est-il de l'\u00e2ge adulte ?<\/p>\n<p style=\"text-align: justify;\">Jeune gar\u00e7on, j'\u00e9tais membre de la Deutsche Freischar, une association d'oiseaux migrateurs et de scouts.<\/p>\n<p style=\"text-align: justify;\">Cette association de jeunes a non seulement forg\u00e9 mon esprit libre, mon amour de la nature, renforc\u00e9 mon pacifisme et m'a appris \u00e0 aimer ma patrie (aujourd'hui, j'appelle cela \u00eatre patriote) sans y associer d'opinion politique. Mais surtout, j'ai appris \u00e0 voyager et \u00e0 me promener. Nous appelions cela un \"grand voyage\". Toujours accompagn\u00e9 du singe, un vieux sac \u00e0 dos de l'arm\u00e9e suisse. On voyageait avec de petits bagages. Une corne \u00e0 boire, une gourde, un sac de couchage. Le seul luxe, une peau de mouton*.<\/p>\n<p style=\"text-align: justify;\">J'avais d\u00e9cid\u00e9 que l'exploration du monde ferait partie int\u00e9grante de ma vie.<\/p>\n<p style=\"text-align: justify;\">Mais comme on dit, \"la vie, c'est ce qui se passe pendant qu'on planifie autre chose\".<\/p>\n<p style=\"text-align: justify;\">Mon esprit libre m'a conduit \u00e0 l'ind\u00e9pendance. J'ai rapidement appris par moi-m\u00eame et en permanence. D'abord comme vendeur, puis comme directeur des ventes d'un groupe de maisons pr\u00e9fabriqu\u00e9es renomm\u00e9. Les vacances et les voyages ont rapidement \u00e9t\u00e9 rel\u00e9gu\u00e9s au second plan. J'ai appris \u00e0 conna\u00eetre le monde davantage par des voyages de motivation que par des vacances.<\/p>\n<p style=\"text-align: justify;\">Puis Torgit est entr\u00e9e dans ma vie. Celle-ci m'a \u00e0 nouveau donn\u00e9 envie de partir en voyage. - Nous avons d\u00e9couvert Bali, la Tha\u00eflande, le Cambodge, le Vietnam, les \u00c9tats-Unis.<\/p>\n<p style=\"text-align: justify;\">Parall\u00e8lement, je m'int\u00e9resse de plus en plus au th\u00e8me de la durabilit\u00e9 dans le cadre de mon travail. Nous voulons donc limiter les voyages lointains et les vols, c'est pourquoi nous voulons explorer notre pays et l'Europe.<\/p>\n<p style=\"text-align: justify;\">Une autre chose a chang\u00e9. En tant que directeur des ventes, mon objectif a toujours \u00e9t\u00e9 de constituer une \u00e9quipe et de faire \u00e9merger de cette \u00e9quipe des cadres capables de reprendre ma t\u00e2che. J'ai toujours dit que j'aurais fait tout ce qu'il fallait si non seulement on pouvait me remplacer, mais que ceux qui me succ\u00e9deraient feraient encore mieux le travail. Ce que je ne voulais pas, c'\u00e9tait me battre jusqu'au dernier jour pour mon poste. Un de mes coll\u00e8gues plus \u00e2g\u00e9, mon mod\u00e8le \u00e0 bien des \u00e9gards, avait un autre plan. \"\u00c0 65 ans, je descends la c\u00f4te ouest des \u00c9tats-Unis avec mon Winnebago\" - Voil\u00e0 pour le plan, il n'est jamais parti.<\/p>\n<p style=\"text-align: justify;\">Nous pr\u00e9f\u00e9rons vivre ici et maintenant. Torgit et moi nous sommes fait une promesse. Je veux mettre le monde \u00e0 ses pieds et elle veut m'emmener en voyage. Le monde et le voyage ornent l'int\u00e9rieur de nos bagues. Peu \u00e0 peu, un plan a germ\u00e9. Partir en tourn\u00e9e avec le Bulli, comme le font certains de nos amis. Nous avons regard\u00e9 autour de nous. Nous avons vite compris qu'il s'agissait d'un SpaceCamper. Il a \u00e9t\u00e9 command\u00e9 rapidement, mais les manufactures ont des d\u00e9lais de livraison et un changement de mod\u00e8le VW, avec un moteur moins polluant, est intervenu. C'\u00e9tait et c'est toujours le cas pour le SpaceCamper.<\/p>\n<p style=\"text-align: justify;\">Mais la \"prog\u00e9niture\" \u00e9tait l\u00e0. - Il est temps de l\u00e2cher prise ? Mais c'est parfois plus difficile qu'on ne le pense. La protection des droits acquis \u00e9tait mon sujet. Puis le signal est venu d'une direction inattendue. Lors d'une conversation avec une bonne amie et confidente, il a \u00e9t\u00e9 dit \"tu penses toujours \u00e0 ce \u00e0 quoi tu dois renoncer au lieu de penser \u00e0 ce que tu vas gagner\". \"D'o\u00f9 vient cette sagesse ?\" - De ton fr\u00e8re \u00e9tait la r\u00e9ponse. - En fin de compte, ce sont les mots de mon fr\u00e8re qui m'ont incit\u00e9 \u00e0 mettre fin \u00e0 une coop\u00e9ration de dix-huit ans, \u00e0 recommander deux de mes responsables de site pour me succ\u00e9der, \u00e0 nous acheter spontan\u00e9ment un T5, \u00e0 passer des semaines \u00e0 chercher du mat\u00e9riel et maintenant ? - Maintenant, nous sommes sur la route. Mais tout cela n'aurait pas \u00e9t\u00e9 possible sans Torgit, ma femme, qui me soutient dans tout cela. La meilleure chose qui me soit arriv\u00e9e.<\/p>\n<p style=\"text-align: justify;\">*En parlant de peau de mouton, \u00e0 plus de 50 ans, on peut se permettre un peu plus de luxe. Des bagages l\u00e9gers, non, \u00e7a peut \u00eatre un peu plus. Je ne suis pas du tout oppos\u00e9 au glamping. Quand on est bien chez soi, on n'a pas toujours envie de se priver en voyage.<\/p>\n<p style=\"text-align: justify;\">Mais une chose est rest\u00e9e, la peau de mouton, ah, ah, les peaux de mouton.<\/p>\n<p style=\"text-align: justify;\">En parlant de Torgit et de vos r\u00e8gles : Toujours ces r\u00e8gles. - Mon nom est...<\/p>\n<p style=\"text-align: justify;\">Je suis tout \u00e0 fait \u00e0 ma place \u00e0 Cologne, des esprits libres comme je le suis, du moins quand je ne suis pas \u00e0 Cologne. Et bien s\u00fbr, j'ai des r\u00e8gles : Quand le feu est vert, je m'arr\u00eate.<\/p>\n<p>[\/et_pb_text][\/et_pb_column][\/et_pb_row][et_pb_row _builder_version=&#8220;4.5.1&#8243; _module_preset=&#8220;default&#8220; background_color=&#8220;#4c4c50&#8243; width=&#8220;100%&#8220; max_width=&#8220;100%&#8220; custom_margin=&#8220;|auto|-4px|auto||&#8220; custom_padding=&#8220;||27px|||&#8220; animation_style=&#8220;slide&#8220; animation_direction=&#8220;top&#8220;][et_pb_column type=&#8220;4_4&#8243; _builder_version=&#8220;4.5.1&#8243; _module_preset=&#8220;default&#8220;][et_pb_text _builder_version=&#8220;4.5.1&#8243; _module_preset=&#8220;default&#8220; header_2_font=&#8220;DCC Ash||||||||&#8220; header_2_text_color=&#8220;#ffffff&#8220; header_2_font_size=&#8220;42px&#8220; width=&#8220;80%&#8220; max_width=&#8220;80%&#8220; module_alignment=&#8220;center&#8220;]<\/p>\n<h2 style=\"text-align: center;\">Butch<\/h2>\n<p>[\/et_pb_text][et_pb_image src=&#8220;https:\/\/www.planbwagen.de\/wp-content\/uploads\/2020\/09\/BUTCH-VW-T6.1-T6.1-Spacecamper-Terranger-Delta4x4-vanlife.png&#8220; title_text=&#8220;BUTCH, VW T6.1, T6.1, Spacecamper, Terranger, Delta4x4, vanlife&#8220; align=&#8220;center&#8220; _builder_version=&#8220;4.5.1&#8243; _module_preset=&#8220;default&#8220; max_width=&#8220;30%&#8220;][\/et_pb_image][et_pb_text _builder_version=&#8220;4.5.1&#8243; _module_preset=&#8220;default&#8220; text_font=&#8220;Montserrat||||||||&#8220; text_text_color=&#8220;#ffffff&#8220; width=&#8220;80%&#8220; max_width=&#8220;80%&#8220; module_alignment=&#8220;center&#8220;]<\/p>\n<p>\"Puis-je me pr\u00e9senter ?<\/p>\n<p>Hector, T5, California, \u00e9dition,<\/p>\n<p>Ann\u00e9e de construction 2011, Lieu de naissance : Non, Wolfsburg...\"<\/p>\n<p>&nbsp;<\/p>\n<p>C'est ainsi que commen\u00e7ait le texte de ma \"rempla\u00e7ante de vacances\". Elle ne savait m\u00eame pas d'o\u00f9 elle venait. Ce n'est pas Wolfsburg, mais Hanovre qu'il faut lire.<\/p>\n<p>Pour moi, il devrait \u00eatre \u00e9crit \"ce qui est long devient vraiment bon\". - Certainement pas \"Permettez-moi de me pr\u00e9senter\".<\/p>\n<p>Comme l'a \u00e9crit Hector, \"...il ne peut y avoir qu'un seul No.1...\". - C'est vrai, c'est moi. - Ni Hector, ni Spector, mais Butch. - Butch comme butcher, mais avec un gros B. -<\/p>\n<p>Alors que personne ne pensait encore \u00e0 Hector, j'\u00e9tais d\u00e9j\u00e0 le plan B. Le plan A consistait \u00e0 faire tourner la grande roue et \u00e0 acheter une Cali en parall\u00e8le. - Mais Torgit et Marc sont tomb\u00e9s sur le stand SpaceCamper au salon de la caravane \u00e0 D\u00fcsseldorf. - Le plan A \u00e9tait d\u00e9j\u00e0 oubli\u00e9. C'\u00e9tait en septembre 2018 - Les bonnes choses prennent du temps. - Je ne suis pas un simple camion, mais un vrai SpaceCamper.<\/p>\n<p>Naturellement avec l'ADN BULLI, pleinement d\u00e9velopp\u00e9.<\/p>\n<p>Comme le T6 est le facelift du T5, je suis le facelift du facelift, un T6.1. - Ann\u00e9e de construction 2020, vous savez, les ann\u00e9es 20 dor\u00e9es. - N\u00e9 \u00e0 Hanovre, j'ai grandi \u00e0 Darmstadt. - Pr\u00eat \u00e0 \u00eatre rel\u00e2ch\u00e9 dans la nature.<\/p>\n<p>J'ai un c\u0153ur de taureau avec 198 ch, DSG 7 vitesses et 4MOTION, le nouveau mot allemand pour syncro. - Mais je ne veux pas vous ennuyer avec des d\u00e9tails. - Bien que je sois d\u00e9j\u00e0 fier de satisfaire \u00e0 la norme antipollution : Euro 6d TEMP- EVAP \"Evaporative Emission\" -ISC \"In-Service-Conformity-Tests\". Comme \u00e7a, dans la vraie vie, pas au banc d'essai. - Mode \"petit malin\" d\u00e9sactiv\u00e9.<\/p>\n<p>Comme je suis un mec sympa, j'ai aussi droit \u00e0 ma propre cat\u00e9gorie. - Donc, si vous voulez en savoir plus sur moi, vous devriez aller voir <a href=\"https:\/\/www.planbwagen.de\/fr\/spacecamper-terranger-co\/\">ici<\/a> regarder.<\/p>\n<p>[\/et_pb_text][\/et_pb_column][\/et_pb_row][et_pb_row _builder_version=&#8220;4.5.1&#8243; _module_preset=&#8220;default&#8220; background_color=&#8220;#4c4c50&#8243; width=&#8220;100%&#8220; max_width=&#8220;none&#8220; animation_style=&#8220;slide&#8220; animation_direction=&#8220;top&#8220;][et_pb_column type=&#8220;4_4&#8243; _builder_version=&#8220;4.5.1&#8243; _module_preset=&#8220;default&#8220; background_color=&#8220;#4c4c50&#8243;][et_pb_image src=&#8220;https:\/\/www.planbwagen.de\/wp-content\/uploads\/2020\/09\/logo.png&#8220; title_text=&#8220;logo&#8220; _builder_version=&#8220;4.5.1&#8243; _module_preset=&#8220;default&#8220; max_width=&#8220;30%&#8220; module_alignment=&#8220;center&#8220;][\/et_pb_image][\/et_pb_column][\/et_pb_row][et_pb_row column_structure=&#8220;1_3,1_3,1_3&#8243; _builder_version=&#8220;4.5.1&#8243; _module_preset=&#8220;default&#8220; background_color=&#8220;#273037&#8243; max_width=&#8220;80%&#8220; animation_style=&#8220;slide&#8220; animation_direction=&#8220;top&#8220;][et_pb_column type=&#8220;1_3&#8243; _builder_version=&#8220;4.5.1&#8243; _module_preset=&#8220;default&#8220;][et_pb_image src=&#8220;https:\/\/planbwagen.de\/wp-content\/uploads\/2020\/08\/fghjkl.jpg&#8220; title_text=&#8220;fghjkl&#8220; _builder_version=&#8220;4.5.1&#8243; _module_preset=&#8220;default&#8220;][\/et_pb_image][\/et_pb_column][et_pb_column type=&#8220;1_3&#8243; _builder_version=&#8220;4.5.1&#8243; _module_preset=&#8220;default&#8220;][et_pb_image src=&#8220;https:\/\/planbwagen.de\/wp-content\/uploads\/2020\/08\/sdfghj-1.jpg&#8220; title_text=&#8220;sdfghj&#8220; _builder_version=&#8220;4.5.1&#8243; _module_preset=&#8220;default&#8220;][\/et_pb_image][\/et_pb_column][et_pb_column type=&#8220;1_3&#8243; _builder_version=&#8220;4.5.1&#8243; _module_preset=&#8220;default&#8220;][et_pb_image src=&#8220;https:\/\/planbwagen.de\/wp-content\/uploads\/2020\/08\/dfghj.jpg&#8220; title_text=&#8220;dfghj&#8220; _builder_version=&#8220;4.5.1&#8243; _module_preset=&#8220;default&#8220;][\/et_pb_image][\/et_pb_column][\/et_pb_row][et_pb_row _builder_version=&#8220;4.5.1&#8243; _module_preset=&#8220;default&#8220; background_color=&#8220;#273037&#8243; max_width=&#8220;80%&#8220; custom_margin=&#8220;|auto|0px|auto||&#8220; custom_padding=&#8220;||25px|||&#8220; animation_style=&#8220;slide&#8220; animation_direction=&#8220;top&#8220;][et_pb_column type=&#8220;4_4&#8243; _builder_version=&#8220;4.5.1&#8243; _module_preset=&#8220;default&#8220;][et_pb_text _builder_version=&#8220;4.5.1&#8243; _module_preset=&#8220;default&#8220; text_font=&#8220;Montserrat||||||||&#8220; text_text_color=&#8220;#ffffff&#8220; module_alignment=&#8220;center&#8220;]<\/p>\n<p style=\"text-align: justify;\">Qui de nous deux prend en charge la partie in et la partie extravertie de la relation ? - La longueur des textes devrait donner une indication.<\/p>\n<p style=\"text-align: justify;\">En tout cas, nous ne manquons pas de contrastes. Torgit d\u00e9crirait Marc comme quelqu'un pour qui les probl\u00e8mes sont faits pour \u00eatre r\u00e9solus.<\/p>\n<p style=\"text-align: justify;\">Pas toujours pens\u00e9 jusqu'au bout, mais r\u00e9solu. Comme un volcan bouillonnant et calme, plein de force, auquel on peut se r\u00e9chauffer.<\/p>\n<p style=\"text-align: justify;\">Marc aime cet exemple, il consid\u00e8re lui aussi Torgit comme un volcan. Mais un volcan qui r\u00e9fl\u00e9chit silencieusement, presque syst\u00e9matiquement, avant d'exploser soudainement et de mani\u00e8re impr\u00e9visible.<\/p>\n<p style=\"text-align: justify;\">Ne vous laissez pas tromper, oui Torgit est un homme de raison, mais de temps en temps...<\/p>\n<p style=\"text-align: justify;\">Mais ce ne sont pas seulement les contrastes qui font notre partenariat, ce sont aussi les points communs.<\/p>\n<p style=\"text-align: justify;\">Ceux qui nous connaissent savent que \"manger rend heureux\" - Quoi d'autre ? Nous ne voulons pas tout d\u00e9voiler.<\/p>\n<p>[\/et_pb_text][\/et_pb_column][\/et_pb_row][\/et_pb_section]<\/p>","protected":false},"excerpt":{"rendered":"<p>[et_pb_section fb_built=&#8220;1&#8243; admin_label=&#8220;Header&#8220; _builder_version=&#8220;4.5.1&#8243; background_color=&#8220;#273037&#8243; custom_padding=&#8220;0px|||||&#8220;][et_pb_row column_structure=&#8220;1_2,1_2&#8243; padding_top_bottom_link_1=&#8220;false&#8220; padding_top_bottom_link_2=&#8220;false&#8220; _builder_version=&#8220;4.5.1&#8243; background_color=&#8220;#4c4c50&#8243; width=&#8220;100%&#8220; max_width=&#8220;none&#8220; module_alignment=&#8220;left&#8220; custom_margin=&#8220;|auto|-35px|auto||&#8220; custom_padding=&#8220;0px||||false&#8220; animation_style=&#8220;slide&#8220; animation_direction=&#8220;top&#8220;][et_pb_column type=&#8220;1_2&#8243; _builder_version=&#8220;4.5.1&#8243; background_color=&#8220;#949292&#8243; custom_padding=&#8220;90px|120px|140px|10vw&#8220; custom_padding_tablet=&#8220;60px|10vw|60px|10vw|true|true&#8220; custom_padding_phone=&#8220;&#8220; custom_padding_last_edited=&#8220;on|tablet&#8220; custom_padding__hover=&#8220;|||&#8220;][et_pb_text _builder_version=&#8220;4.5.1&#8243; text_font=&#8220;Lato||||||||&#8220; text_font_size=&#8220;22px&#8220; text_line_height=&#8220;1.8em&#8220; header_font=&#8220;DCC Ash|700|||||||&#8220; header_font_size=&#8220;80px&#8220; header_line_height=&#8220;1.2em&#8220; background_layout=&#8220;dark&#8220; text_font_size_tablet=&#8220;&#8220; text_font_size_phone=&#8220;18px&#8220; text_font_size_last_edited=&#8220;on|phone&#8220; header_font_size_tablet=&#8220;60px&#8220; header_font_size_phone=&#8220;36px&#8220; header_font_size_last_edited=&#8220;on|phone&#8220;] \u00dcber uns &#8211; Das sind wir [\/et_pb_text][et_pb_divider color=&#8220;#ffffff&#8220; divider_weight=&#8220;5px&#8220; _builder_version=&#8220;3.23.3&#8243; max_width=&#8220;100px&#8220;][\/et_pb_divider][et_pb_text _builder_version=&#8220;4.5.1&#8243; text_font=&#8220;Montserrat||||||||&#8220; text_line_height=&#8220;1.8em&#8220; [&hellip;]<\/p>","protected":false},"author":1,"featured_media":0,"parent":0,"menu_order":0,"comment_status":"closed","ping_status":"closed","template":"","meta":{"_et_pb_use_builder":"on","_et_pb_old_content":"","_et_gb_content_width":"","footnotes":""},"class_list":["post-2228","page","type-page","status-publish","hentry"],"_links":{"self":[{"href":"https:\/\/www.planbwagen.de\/fr\/wp-json\/wp\/v2\/pages\/2228","targetHints":{"allow":["GET"]}}],"collection":[{"href":"https:\/\/www.planbwagen.de\/fr\/wp-json\/wp\/v2\/pages"}],"about":[{"href":"https:\/\/www.planbwagen.de\/fr\/wp-json\/wp\/v2\/types\/page"}],"author":[{"embeddable":true,"href":"https:\/\/www.planbwagen.de\/fr\/wp-json\/wp\/v2\/users\/1"}],"replies":[{"embeddable":true,"href":"https:\/\/www.planbwagen.de\/fr\/wp-json\/wp\/v2\/comments?post=2228"}],"version-history":[{"count":58,"href":"https:\/\/www.planbwagen.de\/fr\/wp-json\/wp\/v2\/pages\/2228\/revisions"}],"predecessor-version":[{"id":14209,"href":"https:\/\/www.planbwagen.de\/fr\/wp-json\/wp\/v2\/pages\/2228\/revisions\/14209"}],"wp:attachment":[{"href":"https:\/\/www.planbwagen.de\/fr\/wp-json\/wp\/v2\/media?parent=2228"}],"curies":[{"name":"wp","href":"https:\/\/api.w.org\/{rel}","templated":true}]}}