{"id":2362,"date":"2020-07-30T10:46:57","date_gmt":"2020-07-30T10:46:57","guid":{"rendered":"https:\/\/planbwagen.de\/?page_id=2362"},"modified":"2021-07-10T13:39:54","modified_gmt":"2021-07-10T11:39:54","slug":"portugal","status":"publish","type":"page","link":"https:\/\/www.planbwagen.de\/es\/portugal\/","title":{"rendered":"Portugal"},"content":{"rendered":"<p>[et_pb_section fb_built=&#8220;1&#8243; fullwidth=&#8220;on&#8220; admin_label=&#8220;Header&#8220; _builder_version=&#8220;4.5.1&#8243; background_color=&#8220;#273037&#8243; background_image=&#8220;https:\/\/planbwagen.de\/wp-content\/uploads\/2020\/08\/Portugal-1.jpg&#8220; custom_padding=&#8220;0px|0|0px|0px|false|false&#8220; locked=&#8220;off&#8220;][et_pb_fullwidth_header title=&#8220;Portugal&#8220; text_orientation=&#8220;right&#8220; header_fullscreen=&#8220;on&#8220; background_overlay_color=&#8220;rgba(0,0,0,0)&#8220; logo_image_url=&#8220;https:\/\/planbwagen.de\/wp-content\/uploads\/2020\/08\/Portugal-Ponte-Luis-I-Camouflagwerftgzhuje.png&#8220; _builder_version=&#8220;4.5.1&#8243; title_font=&#8220;DCC Ash|700|||||||&#8220; title_text_align=&#8220;center&#8220; title_font_size=&#8220;80px&#8220; title_line_height=&#8220;1.1em&#8220; content_font=&#8220;Montserrat||||||||&#8220; content_line_height=&#8220;2em&#8220; subhead_font=&#8220;Ash||||||||&#8220; subhead_text_align=&#8220;center&#8220; subhead_font_size=&#8220;40px&#8220; subhead_line_height=&#8220;2em&#8220; background_color=&#8220;rgba(255,255,255,0)&#8220; background_enable_image=&#8220;off&#8220; parallax=&#8220;on&#8220; parallax_method=&#8220;on&#8220; custom_button_one=&#8220;on&#8220; button_one_text_size=&#8220;17px&#8220; button_one_text_color=&#8220;#ffffff&#8220; button_one_bg_color=&#8220;#ff6b5a&#8220; button_one_border_width=&#8220;7px&#8220; button_one_border_color=&#8220;#ff6b5a&#8220; button_one_border_radius=&#8220;100px&#8220; button_one_font=&#8220;Noto Sans|700||on|||||&#8220; button_one_use_icon=&#8220;off&#8220; module_alignment=&#8220;center&#8220; custom_margin=&#8220;||||false|false&#8220; custom_padding=&#8220;0px||0px||true|&#8220; custom_padding_tablet=&#8220;100px|||&#8220; custom_padding_phone=&#8220;||20%||false|false&#8220; custom_padding_last_edited=&#8220;on|phone&#8220; animation_style=&#8220;slide&#8220; animation_direction=&#8220;top&#8220; title_font_size_tablet=&#8220;40px&#8220; title_font_size_phone=&#8220;&#8220; title_font_size_last_edited=&#8220;on|tablet&#8220; subhead_font_size_tablet=&#8220;&#8220; subhead_font_size_phone=&#8220;20px&#8220; subhead_font_size_last_edited=&#8220;on|desktop&#8220; subhead_line_height_tablet=&#8220;&#8220; subhead_line_height_phone=&#8220;1.5em&#8220; subhead_line_height_last_edited=&#8220;on|phone&#8220; title_text_shadow_style=&#8220;preset2&#8243; subhead_text_shadow_style=&#8220;preset2&#8243; button_one_text_color_hover=&#8220;#ffffff&#8220; button_one_border_color_hover=&#8220;#ff9e59&#8243; button_one_border_radius_hover=&#8220;100px&#8220; button_one_bg_color_hover=&#8220;#ff9e59&#8243; button_one_text_size__hover_enabled=&#8220;off&#8220; button_two_text_size__hover_enabled=&#8220;off&#8220; button_one_text_color__hover_enabled=&#8220;on&#8220; button_one_text_color__hover=&#8220;#ffffff&#8220; button_two_text_color__hover_enabled=&#8220;off&#8220; button_one_border_width__hover_enabled=&#8220;off&#8220; button_two_border_width__hover_enabled=&#8220;off&#8220; button_one_border_color__hover_enabled=&#8220;on&#8220; button_one_border_color__hover=&#8220;#ff9e59&#8243; button_two_border_color__hover_enabled=&#8220;off&#8220; button_one_border_radius__hover_enabled=&#8220;on&#8220; button_one_border_radius__hover=&#8220;100px&#8220; button_two_border_radius__hover_enabled=&#8220;off&#8220; button_one_letter_spacing__hover_enabled=&#8220;off&#8220; button_two_letter_spacing__hover_enabled=&#8220;off&#8220; button_one_bg_color__hover_enabled=&#8220;on&#8220; button_one_bg_color__hover=&#8220;#ff9e59&#8243; button_two_bg_color__hover_enabled=&#8220;off&#8220;][\/et_pb_fullwidth_header][\/et_pb_section][et_pb_section fb_built=&#8220;1&#8243; admin_label=&#8220;Tour CTA &#038; Information Section&#8220; _builder_version=&#8220;4.5.1&#8243; background_color=&#8220;#949292&#8243; min_height=&#8220;4103px&#8220; custom_margin=&#8220;1px|||||&#8220; custom_padding=&#8220;0px|0px|0px|0px|false|false&#8220;][et_pb_row _builder_version=&#8220;4.5.1&#8243; _module_preset=&#8220;default&#8220; custom_padding=&#8220;0px|||||&#8220; animation_style=&#8220;slide&#8220; animation_direction=&#8220;top&#8220;][et_pb_column type=&#8220;4_4&#8243; _builder_version=&#8220;4.5.1&#8243; _module_preset=&#8220;default&#8220;][et_pb_blog fullwidth=&#8220;off&#8220; posts_number=&#8220;1000&#8243; include_categories=&#8220;8&#8243; masonry_tile_background_color=&#8220;#273037&#8243; _builder_version=&#8220;4.5.1&#8243; _module_preset=&#8220;default&#8220; header_font=&#8220;Montserrat|700|||||||&#8220; header_text_align=&#8220;center&#8220; header_text_color=&#8220;#ffffff&#8220; header_font_size=&#8220;24px&#8220; header_line_height=&#8220;1.5em&#8220; body_font=&#8220;Montserrat||||||||&#8220; body_text_align=&#8220;center&#8220; body_text_color=&#8220;#ffffff&#8220; body_font_size=&#8220;17px&#8220; body_line_height=&#8220;1.9em&#8220; meta_font=&#8220;Montserrat|700|||||||&#8220; meta_text_align=&#8220;center&#8220; meta_text_color=&#8220;#949292&#8243; read_more_font=&#8220;Montserrat||||||||&#8220; read_more_text_color=&#8220;#ffffff&#8220; pagination_font=&#8220;Montserrat||||||||&#8220; transform_scale=&#8220;97%|97%&#8220; text_orientation=&#8220;center&#8220; custom_padding=&#8220;||3px|||&#8220; border_radii=&#8220;on|7px|7px|7px|7px&#8220; border_width_all=&#8220;0px&#8220; box_shadow_style=&#8220;preset1&#8243;][\/et_pb_blog][\/et_pb_column][\/et_pb_row][et_pb_row _builder_version=&#8220;4.5.1&#8243; _module_preset=&#8220;default&#8220;][et_pb_column type=&#8220;4_4&#8243; _builder_version=&#8220;4.5.1&#8243; _module_preset=&#8220;default&#8220;][et_pb_divider color=&#8220;#ffffff&#8220; _builder_version=&#8220;4.5.1&#8243; _module_preset=&#8220;default&#8220; min_height=&#8220;140px&#8220;][\/et_pb_divider][et_pb_text _builder_version=&#8220;4.5.1&#8243; _module_preset=&#8220;default&#8220; text_text_color=&#8220;#ffffff&#8220; header_text_color=&#8220;#ffffff&#8220; header_2_text_color=&#8220;#ffffff&#8220;]<\/p>\n<h1>Un viaje en bulli por Portugal<\/h1>\n<p>&nbsp;<\/p>\n<p>Nuestro viaje por Portugal fue uno de los m\u00e1s bonitos que hemos vivido nunca. He aqu\u00ed un resumen de nuestras paradas m\u00e1s importantes. Con nuestro VW Hector, no s\u00f3lo visitamos lugares emocionantes, \u00a1sino tambi\u00e9n muchas mejoras nuevas! El tiempo en Portugal nos dio hermosas puestas de sol y a veces d\u00edas de miedo para acurrucarse. Pero eso nunca nos impidi\u00f3 disfrutar del d\u00eda al m\u00e1ximo. \u00bfNo es siempre as\u00ed? Antes de ir a alg\u00fan sitio, compruebas la previsi\u00f3n meteorol\u00f3gica, que resulta ser buena. Y en cuanto te pones en camino, hay muchas probabilidades de que las cosas cambien.<\/p>\n<h2><\/h2>\n<h2><strong>Sol, Lluvia, Oporto<\/strong><\/h2>\n<p>&nbsp;<\/p>\n<p>Quiz\u00e1s era de esperar en esta \u00e9poca del a\u00f1o. Han podido seguir nuestros informes de experiencias desde Portugal durante tres meses enteros. Aunque algunos dicen que la mejor \u00e9poca para unas vacaciones en Portugal es el verano, tengo que decir que octubre no nos decepcion\u00f3. A pesar de que la lluvia fue una compa\u00f1era constante durante las siguientes semanas, continuamos hasta el camping familiar Istas' Garden. All\u00ed disfrutamos del d\u00eda en paz, dando un paseo en bicicleta hasta la \"Capela do Senhor da Pedra\", una capilla construida directamente en la playa.<\/p>\n<p>\"Al\u00e9grate por la lluvia. Si no lo haces, seguir\u00e1 lloviendo\". Depende de tu propia actitud.<\/p>\n<p>La ciudad de Oporto, donde nos encontramos en primer lugar, debe convencer incluso sin sol. Aparte del puente ferroviario Ponte Maria Pia, el casco antiguo a lo largo del r\u00edo definitivamente hace de este lugar un verdadero espect\u00e1culo para ver. Nuestro pr\u00f3ximo destino es Nazar\u00e9, un lugar donde queremos encontrar el sol. Pero, \u00bfqu\u00e9 nos espera all\u00ed?<\/p>\n<h2><strong>\u00a0<\/strong><\/h2>\n<h2><strong>Del mar y el surf en Nazar\u00e9<\/strong><\/h2>\n<h2><strong>\u00a0<\/strong><\/h2>\n<p>\u00bfHa o\u00eddo hablar de las monstruosas olas de 30 metros de la costa de Nazar\u00e9? El invierno es la estaci\u00f3n de las olas gigantes, cuando muchos atletas y curiosos peregrinan a la peque\u00f1a ciudad para ver el espect\u00e1culo con sus propios ojos. Tambi\u00e9n fuimos a la playa Praia do Norte, en Nazar\u00e9. En principio no para hacer surf, sino para admirar las impresionantes olas al resplandor del sol. El faro del fuerte de S\u00e3o Miguel Arcanjo y el Parque Natural de Vale Para\u00edso son otras dos paradas obligadas. Aprovechamos el poco sol del d\u00eda para buscar un nuevo lugar donde dormir. Tambi\u00e9n la cena, donde tenemos luz suficiente para lavar los platos.<\/p>\n<p>A 65 km al norte de Lisboa, pasado Peniche, llegamos a Praia da Areia Branca, en alem\u00e1n, playa de arena blanca. En esta playa, y tambi\u00e9n en las siguientes en las que nos detenemos, hay otros surfistas durante el d\u00eda, cabalgando las singulares olas. Tambi\u00e9n hay algunos alemanes entre ellos. En los pr\u00f3ximos d\u00edas, decidimos darle una oportunidad al surf. Donde hay voluntad, \u00a1hay una ola! As\u00ed que nos ponemos el traje y lo intentamos. Por supuesto, aprendimos en aguas m\u00e1s tranquilas y no en olas monstruosas como las de los profesionales de Nazar\u00e9. Aun as\u00ed, fue m\u00e1s agotador de lo que parece, que en realidad siempre es as\u00ed. El tiempo en la playa fue agotador, pero sobre todo super - super guay.<\/p>\n<p>En el fin del mundo, tambi\u00e9n conocido como Cabo de Rocas, exploramos la costa. Por supuesto, aqu\u00ed no hay abismos embravecidos, sino acantilados de impresionante belleza donde bailan las olas del oc\u00e9ano Atl\u00e1ntico. De nuevo nos encontramos con amables compa\u00f1eros de viaje. En general, podemos decir que hay un intercambio muy positivo \"en la carretera\". Gente que se siente m\u00e1s c\u00f3moda en la carretera que en casa. Siempre te dan consejos y trucos por el camino. La aplicaci\u00f3n \"Park4Night\" es especialmente popular, y la encontramos una y otra vez en este tipo de conversaciones. Y realmente ha demostrado su utilidad para encontrar aparcamiento.<\/p>\n<p>&nbsp;<\/p>\n<h2><strong>Golondrinas de niebla en la Sierra de Sintra<\/strong><\/h2>\n<p>&nbsp;<\/p>\n<p>Antes de llegar a Sintra, aprovechamos para conducir hacia el Pal\u00e1cio Nacional da Pena. Pasamos por la Quinta da Regaleira y hacemos una breve parada en el Pal\u00e1cio de Seteais. La Sierra de Sintra es conocida por sus numerosos mitos y leyendas sobre actividades sobrenaturales. Aqu\u00ed no s\u00f3lo encontrar\u00e1 monta\u00f1eros y escaladores, sino tambi\u00e9n amantes de la cultura que quieran admirar los castillos portugueses. Castelo dos Mouros, Pal\u00e1cio da Pena o Pal\u00e1cio Nacional de Sintra son muy populares. En consonancia con la inquietante atm\u00f3sfera, los d\u00edas nos envuelven en un manto de niebla mientras permanecemos con H\u00e9ctor en el claro del Santu\u00e1rio da Peninha, en la Sierra de Sintra.<\/p>\n<p>&nbsp;<\/p>\n<h2><strong>\u00bfPrevisi\u00f3n de Lisboa en octubre? <\/strong><\/h2>\n<p>&nbsp;<\/p>\n<p>Lisboa (en la lengua nacional) ofrece muchos lugares de inter\u00e9s. Uno de los m\u00e1s famosos es el Ponte 25 de Abril, el puente colgante de 3,2 kil\u00f3metros que cruza el r\u00edo Tajo. Es el tercer puente colgante m\u00e1s largo del mundo con tr\u00e1fico rodado y ferroviario, y recuerda mucho al puente de San Francisco. No en vano, el puente Golden Gate no s\u00f3lo sirvi\u00f3 de modelo, sino que fue dise\u00f1ado por el mismo arquitecto. Si quiere descubrir la ciudad de Lisboa por su cuenta, debe planificar bien sus excursiones. Por ejemplo, es f\u00e1cil ir de un sitio a otro en tranv\u00eda o metro. Tambi\u00e9n utilizamos Uber para este fin, entre otros.<\/p>\n<p>El tiempo de octubre en Lisboa no decepciona. A menudo sale el sol, por lo que podemos hacer fotos estupendas. Aunque ha llovido mucho \u00faltimamente, las temperaturas y el clima son estupendos ese d\u00eda. Por eso tambi\u00e9n vamos al paseo que bordea el Tajo. Tambi\u00e9n desde aqu\u00ed se ve la gran estatua del Cristo Rei, en la orilla sur del Tajo, con los brazos extendidos sobre Lisboa. Lo dem\u00e1s que encontramos en la ciudad es arte callejero y grafitis. Son muy comunes en Portugal, pero hablaremos de ellos m\u00e1s adelante.<\/p>\n<p>&nbsp;<\/p>\n<h2><strong>Arte callejero y mercado de Lagos<\/strong><\/h2>\n<p>&nbsp;<\/p>\n<p>En noviembre estamos en Lagos, una ciudad del Algarve. Lagos fue anta\u00f1o un basti\u00f3n de valientes navegantes. Desde Lagos, bajo el mando de \"Enrique el Navegante\", zarparon numerosas naves para explorar la costa africana. El capit\u00e1n Gil Eanes se atrevi\u00f3 a navegar m\u00e1s all\u00e1 del cabo Bojador (S\u00e1hara Occidental) en 1433. Sus 14 predecesores hab\u00edan abandonado el viaje por temor al supuesto fin del mundo. En el casco antiguo de Lagos, volvimos a encontrarnos con el arte callejero prometido. Nos quedamos completamente embelesados. Casi se podr\u00eda pensar que Banksy estuvo aqu\u00ed e hizo una gu\u00eda de arte callejero. Al menos, la combinaci\u00f3n de un soldado y la Caperucita Roja armada nos record\u00f3 mucho a \u00e9l. Nos impresion\u00f3 especialmente un mural que combina azulejos tradicionales portugueses con un retrato. - Seguramente aqu\u00ed habr\u00eda merecido la pena hacer un recorrido por el arte callejero, porque no podemos imaginar que hayamos descubierto todo lo importante por pura casualidad.<\/p>\n<p>[\/et_pb_text][\/et_pb_column][\/et_pb_row][\/et_pb_section]<\/p>","protected":false},"excerpt":{"rendered":"<p>[et_pb_section fb_built=&#8220;1&#8243; fullwidth=&#8220;on&#8220; admin_label=&#8220;Header&#8220; _builder_version=&#8220;4.5.1&#8243; background_color=&#8220;#273037&#8243; background_image=&#8220;https:\/\/planbwagen.de\/wp-content\/uploads\/2020\/08\/Portugal-1.jpg&#8220; custom_padding=&#8220;0px|0|0px|0px|false|false&#8220; locked=&#8220;off&#8220;][et_pb_fullwidth_header title=&#8220;Portugal&#8220; text_orientation=&#8220;right&#8220; header_fullscreen=&#8220;on&#8220; background_overlay_color=&#8220;rgba(0,0,0,0)&#8220; logo_image_url=&#8220;https:\/\/planbwagen.de\/wp-content\/uploads\/2020\/08\/Portugal-Ponte-Luis-I-Camouflagwerftgzhuje.png&#8220; _builder_version=&#8220;4.5.1&#8243; title_font=&#8220;DCC Ash|700|||||||&#8220; title_text_align=&#8220;center&#8220; title_font_size=&#8220;80px&#8220; title_line_height=&#8220;1.1em&#8220; content_font=&#8220;Montserrat||||||||&#8220; content_line_height=&#8220;2em&#8220; subhead_font=&#8220;Ash||||||||&#8220; subhead_text_align=&#8220;center&#8220; subhead_font_size=&#8220;40px&#8220; subhead_line_height=&#8220;2em&#8220; background_color=&#8220;rgba(255,255,255,0)&#8220; background_enable_image=&#8220;off&#8220; parallax=&#8220;on&#8220; parallax_method=&#8220;on&#8220; custom_button_one=&#8220;on&#8220; button_one_text_size=&#8220;17px&#8220; button_one_text_color=&#8220;#ffffff&#8220; button_one_bg_color=&#8220;#ff6b5a&#8220; button_one_border_width=&#8220;7px&#8220; button_one_border_color=&#8220;#ff6b5a&#8220; button_one_border_radius=&#8220;100px&#8220; button_one_font=&#8220;Noto Sans|700||on|||||&#8220; button_one_use_icon=&#8220;off&#8220; module_alignment=&#8220;center&#8220; custom_margin=&#8220;||||false|false&#8220; custom_padding=&#8220;0px||0px||true|&#8220; custom_padding_tablet=&#8220;100px|||&#8220; custom_padding_phone=&#8220;||20%||false|false&#8220; custom_padding_last_edited=&#8220;on|phone&#8220; animation_style=&#8220;slide&#8220; animation_direction=&#8220;top&#8220; title_font_size_tablet=&#8220;40px&#8220; title_font_size_phone=&#8220;&#8220; title_font_size_last_edited=&#8220;on|tablet&#8220; subhead_font_size_tablet=&#8220;&#8220; subhead_font_size_phone=&#8220;20px&#8220; subhead_font_size_last_edited=&#8220;on|desktop&#8220; subhead_line_height_tablet=&#8220;&#8220; [&hellip;]<\/p>","protected":false},"author":1,"featured_media":0,"parent":0,"menu_order":0,"comment_status":"closed","ping_status":"closed","template":"","meta":{"_et_pb_use_builder":"on","_et_pb_old_content":"","_et_gb_content_width":"","footnotes":""},"class_list":["post-2362","page","type-page","status-publish","hentry"],"_links":{"self":[{"href":"https:\/\/www.planbwagen.de\/es\/wp-json\/wp\/v2\/pages\/2362","targetHints":{"allow":["GET"]}}],"collection":[{"href":"https:\/\/www.planbwagen.de\/es\/wp-json\/wp\/v2\/pages"}],"about":[{"href":"https:\/\/www.planbwagen.de\/es\/wp-json\/wp\/v2\/types\/page"}],"author":[{"embeddable":true,"href":"https:\/\/www.planbwagen.de\/es\/wp-json\/wp\/v2\/users\/1"}],"replies":[{"embeddable":true,"href":"https:\/\/www.planbwagen.de\/es\/wp-json\/wp\/v2\/comments?post=2362"}],"version-history":[{"count":42,"href":"https:\/\/www.planbwagen.de\/es\/wp-json\/wp\/v2\/pages\/2362\/revisions"}],"predecessor-version":[{"id":13708,"href":"https:\/\/www.planbwagen.de\/es\/wp-json\/wp\/v2\/pages\/2362\/revisions\/13708"}],"wp:attachment":[{"href":"https:\/\/www.planbwagen.de\/es\/wp-json\/wp\/v2\/media?parent=2362"}],"curies":[{"name":"wp","href":"https:\/\/api.w.org\/{rel}","templated":true}]}}