{"id":2353,"date":"2020-07-30T10:39:39","date_gmt":"2020-07-30T10:39:39","guid":{"rendered":"https:\/\/planbwagen.de\/?page_id=2353"},"modified":"2021-07-10T13:38:06","modified_gmt":"2021-07-10T11:38:06","slug":"spanien-spain","status":"publish","type":"page","link":"https:\/\/www.planbwagen.de\/es\/espana-espana\/","title":{"rendered":"Espa\u00f1a"},"content":{"rendered":"<p>[et_pb_section fb_built=&#8220;1&#8243; fullwidth=&#8220;on&#8220; admin_label=&#8220;Header&#8220; _builder_version=&#8220;4.5.1&#8243; background_enable_color=&#8220;off&#8220; background_image=&#8220;https:\/\/planbwagen.de\/wp-content\/uploads\/2020\/08\/Spanien-1.jpg&#8220; background_position=&#8220;top_left&#8220; custom_padding=&#8220;0px|0|0px|0px|false|false&#8220; locked=&#8220;off&#8220;][et_pb_fullwidth_header title=&#8220;Spanien&#8220; text_orientation=&#8220;right&#8220; header_fullscreen=&#8220;on&#8220; background_overlay_color=&#8220;rgba(0,0,0,0)&#8220; logo_image_url=&#8220;https:\/\/planbwagen.de\/wp-content\/uploads\/2020\/08\/Spanien-Spain-Sagrada-Familia-Cadfghjmouflage-1.png&#8220; _builder_version=&#8220;4.5.1&#8243; title_font=&#8220;DCC Ash|700|||||||&#8220; title_text_align=&#8220;center&#8220; title_font_size=&#8220;80px&#8220; title_line_height=&#8220;1.1em&#8220; content_font=&#8220;Montserrat||||||||&#8220; content_line_height=&#8220;2em&#8220; subhead_font=&#8220;Ash||||||||&#8220; subhead_text_align=&#8220;center&#8220; subhead_font_size=&#8220;40px&#8220; subhead_line_height=&#8220;2em&#8220; background_enable_color=&#8220;off&#8220; background_enable_image=&#8220;off&#8220; parallax=&#8220;on&#8220; parallax_method=&#8220;on&#8220; custom_button_one=&#8220;on&#8220; button_one_text_size=&#8220;17px&#8220; button_one_text_color=&#8220;#ffffff&#8220; button_one_bg_color=&#8220;#ff6b5a&#8220; button_one_border_width=&#8220;7px&#8220; button_one_border_color=&#8220;#ff6b5a&#8220; button_one_border_radius=&#8220;100px&#8220; button_one_font=&#8220;Noto Sans|700||on|||||&#8220; button_one_use_icon=&#8220;off&#8220; module_alignment=&#8220;center&#8220; custom_margin=&#8220;|||&#8220; custom_padding=&#8220;0px||0px||true|&#8220; custom_padding_tablet=&#8220;100px|||&#8220; custom_padding_phone=&#8220;||20%||false|false&#8220; custom_padding_last_edited=&#8220;on|phone&#8220; animation_style=&#8220;slide&#8220; animation_direction=&#8220;top&#8220; title_font_size_tablet=&#8220;40px&#8220; title_font_size_phone=&#8220;&#8220; title_font_size_last_edited=&#8220;on|tablet&#8220; subhead_font_size_tablet=&#8220;&#8220; subhead_font_size_phone=&#8220;20px&#8220; subhead_font_size_last_edited=&#8220;on|desktop&#8220; subhead_line_height_tablet=&#8220;&#8220; subhead_line_height_phone=&#8220;1.5em&#8220; subhead_line_height_last_edited=&#8220;on|phone&#8220; title_text_shadow_style=&#8220;preset2&#8243; subhead_text_shadow_style=&#8220;preset2&#8243; button_one_text_color_hover=&#8220;#ffffff&#8220; button_one_border_color_hover=&#8220;#ff9e59&#8243; button_one_border_radius_hover=&#8220;100px&#8220; button_one_bg_color_hover=&#8220;#ff9e59&#8243; button_one_text_size__hover_enabled=&#8220;off&#8220; button_two_text_size__hover_enabled=&#8220;off&#8220; button_one_text_color__hover_enabled=&#8220;on&#8220; button_one_text_color__hover=&#8220;#ffffff&#8220; button_two_text_color__hover_enabled=&#8220;off&#8220; button_one_border_width__hover_enabled=&#8220;off&#8220; button_two_border_width__hover_enabled=&#8220;off&#8220; button_one_border_color__hover_enabled=&#8220;on&#8220; button_one_border_color__hover=&#8220;#ff9e59&#8243; button_two_border_color__hover_enabled=&#8220;off&#8220; button_one_border_radius__hover_enabled=&#8220;on&#8220; button_one_border_radius__hover=&#8220;100px&#8220; button_two_border_radius__hover_enabled=&#8220;off&#8220; button_one_letter_spacing__hover_enabled=&#8220;off&#8220; button_two_letter_spacing__hover_enabled=&#8220;off&#8220; button_one_bg_color__hover_enabled=&#8220;on&#8220; button_one_bg_color__hover=&#8220;#ff9e59&#8243; button_two_bg_color__hover_enabled=&#8220;off&#8220;][\/et_pb_fullwidth_header][\/et_pb_section][et_pb_section fb_built=&#8220;1&#8243; _builder_version=&#8220;4.5.1&#8243; _module_preset=&#8220;default&#8220; background_color=&#8220;#949292&#8243;][et_pb_row _builder_version=&#8220;4.5.1&#8243; _module_preset=&#8220;default&#8220;][et_pb_column type=&#8220;4_4&#8243; _builder_version=&#8220;4.5.1&#8243; _module_preset=&#8220;default&#8220;][et_pb_blog fullwidth=&#8220;off&#8220; posts_number=&#8220;10000&#8243; include_categories=&#8220;9&#8243; masonry_tile_background_color=&#8220;#273037&#8243; _builder_version=&#8220;4.5.1&#8243; _module_preset=&#8220;default&#8220; header_text_color=&#8220;#ffffff&#8220; body_text_color=&#8220;#ffffff&#8220; meta_text_color=&#8220;#ffffff&#8220; read_more_text_color=&#8220;#ffffff&#8220; pagination_text_color=&#8220;#ffffff&#8220; border_width_all=&#8220;0px&#8220; box_shadow_style=&#8220;preset1&#8243;][\/et_pb_blog][\/et_pb_column][\/et_pb_row][et_pb_row _builder_version=&#8220;4.5.1&#8243; _module_preset=&#8220;default&#8220;][et_pb_column type=&#8220;4_4&#8243; _builder_version=&#8220;4.5.1&#8243; _module_preset=&#8220;default&#8220;][et_pb_divider color=&#8220;#ffffff&#8220; _builder_version=&#8220;4.5.1&#8243; _module_preset=&#8220;default&#8220; min_height=&#8220;140px&#8220;][\/et_pb_divider][et_pb_text _builder_version=&#8220;4.5.1&#8243; _module_preset=&#8220;default&#8220; text_text_color=&#8220;#ffffff&#8220; header_text_color=&#8220;#ffffff&#8220; header_2_text_color=&#8220;#ffffff&#8220; header_3_text_color=&#8220;#ffffff&#8220;]<\/p>\n<h1><strong>Con la furgoneta Camper por Espa\u00f1a: del Atl\u00e1ntico al Mediterr\u00e1neo<\/strong><\/h1>\n<p><strong>\u00a0<\/strong><\/p>\n<h2><strong>Espa\u00f1a Parte 1: VanLife en el norte de Espa\u00f1a<\/strong><\/h2>\n<h3><strong>El destino a la vista: acampar en las costas atl\u00e1ntica y mediterr\u00e1nea<\/strong><\/h3>\n<p>De septiembre de 2019 a marzo de 2020, estuvimos de ruta por Espa\u00f1a y Portugal con nuestra camper Van H\u00e9ctor. Pasamos los d\u00edas del 27 de septiembre al 13 de octubre en Espa\u00f1a y, tras nuestro periplo por Portugal, regresamos a Espa\u00f1a el 27 de diciembre, donde permanecimos hasta el 14 de marzo. Durante este periodo de viaje vivimos muchas experiencias maravillosas, desde una visita al Museo Guggenheim de Bilbao hasta el despertar de la primavera en Ibiza. Para nosotros, el camping y el propio VanLife es y sigue siendo incomparablemente bello, incluso dir\u00edamos que nuestro gran amor.<\/p>\n<p>&nbsp;<\/p>\n<h3><strong>La primera parte del viaje en Espa\u00f1a - Camper Van y Norte de Espa\u00f1a van bien juntos<\/strong><\/h3>\n<p>Una de las primeras paradas en Espa\u00f1a fue Donostia-San Sebasti\u00e1n, ciudad del norte de Espa\u00f1a cercana a la frontera francesa. Es conocida por su bah\u00eda en forma de concha. En la parte vieja nos encontramos con mucha gente amable en la calle con tapas y vino. \u00a1Un ambiente estupendo! Continuamos hacia Bizkaia, que bien podr\u00eda llamarse el \"Tirol del Sur\" de Espa\u00f1a, al menos en lo que al paisaje se refiere. Una lecci\u00f3n que nos ense\u00f1\u00f3 esta etapa no la olvidar\u00e9 pronto: \"Las cosas buenas llevan su tiempo\". Porque una hora prevista de camino a Bilbao se convirti\u00f3 r\u00e1pidamente en seis horas, gracias a las colinas y monta\u00f1as que H\u00e9ctor, nuestra furgoneta de camping, tuvo que conquistar con nosotros y nuestro equipaje a bordo. Mi consejo para ti, si t\u00fa tambi\u00e9n est\u00e1s de viaje con una autocaravana, camper o veh\u00edculo similar: aseg\u00farate de prever demasiado tiempo, as\u00ed nada te sacar\u00e1 de tu calma y te ahorrar\u00e1s un estr\u00e9s innecesario.<\/p>\n<p>&nbsp;<\/p>\n<h3><strong>Con autocaravana directamente junto al mar hasta el Museo Guggenheim y mucho m\u00e1s...<\/strong><\/h3>\n<p>Uno de los momentos m\u00e1s destacados de nuestro viaje por Espa\u00f1a fue la visita al Museo Guggenheim de Bilbao. El museo de arte moderno se inaugur\u00f3 en 1997 y tanto el edificio en s\u00ed como las exposiciones son muy impresionantes. De camino a Cantabria, pasamos por delante del transbordador flotante m\u00e1s antiguo del mundo y no nos quedamos con las ganas de verlo, as\u00ed que decidimos \"viajar\" un poco en el transbordador para que nuestro H\u00e9ctor, la furgoneta de camping, tambi\u00e9n pudiera conocerlo, y \u00bfqu\u00e9 puedo decir? - Le gust\u00f3 mucho. En una etapa posterior, nos encontramos con excursionistas con coloridos ponchos para la lluvia que estaban \"peregrinando\" por el norte de Espa\u00f1a. Me alegr\u00e9 de que pudi\u00e9ramos pasar nuestros d\u00edas espa\u00f1oles en la furgoneta al menos un poco m\u00e1s c\u00f3modos, aunque nuestro piso rodante de una sola habitaci\u00f3n sea un reto constante, sobre todo en t\u00e9rminos de espacio.<\/p>\n<p>&nbsp;<\/p>\n<h3><strong>Almacenamiento, orden y organizaci\u00f3n en la autocaravana: por suerte, Delta Bags and Co.<\/strong><\/h3>\n<p>La VanLife se caracteriza, entre otras cosas, porque hay que transportar muchas cosas en poco espacio y, a ser posible, de forma que siempre est\u00e9n al alcance de la mano.\u00a0\u00a0<\/p>\n<p>Por eso estoy muy contento con nuestros peque\u00f1os organizadores. Nos gusta especialmente el proveedor Delta Bags con sus productos organizadores para equipar furgonetas de camping. Delta Bags ofrece art\u00edculos, por ejemplo, para guardar colgados o con velcro. La buena sujeci\u00f3n, el espacio de almacenamiento, la organizaci\u00f3n inteligente y la protecci\u00f3n segura del equipamiento son siempre el centro de atenci\u00f3n de los productos. Nosotros mismos tenemos el Litter Holder S y M, que est\u00e1n dise\u00f1ados para el almacenamiento de basura. Tambi\u00e9n tenemos una cubierta para ruedas de repuesto de Delta Bags. Si desea m\u00e1s informaci\u00f3n sobre los productos de Delta Bags, visite su sitio web, donde encontrar\u00e1 todas las respuestas que necesita.<\/p>\n<p>&nbsp;<\/p>\n<p>&nbsp;<\/p>\n<h2><strong>Espa\u00f1a Parte 2: VanLife en el sur de Espa\u00f1a<\/strong><\/h2>\n<h3><strong>H\u00e9ctor nos lleva al sur de Espa\u00f1a - La vida puede ser as\u00ed de bella<\/strong><\/h3>\n<p>Despu\u00e9s de Portugal viene Espa\u00f1a, concretamente el sur de Espa\u00f1a. Aqu\u00ed descubrimos la maravillosa Ruta de los Pueblos Blancos en Andaluc\u00eda y visitamos las aguas termales cerca de Santa Fe. Un placer muy especial con m\u00fasica y olor a cannabis. Tambi\u00e9n form\u00f3 parte de la exploraci\u00f3n de estas regiones del sur de Espa\u00f1a la estancia en Valencia, la tercera ciudad m\u00e1s grande de toda Espa\u00f1a. \u00bfY qu\u00e9 mejor uso de nuestra visita all\u00ed que una peque\u00f1a visita a la peluquer\u00eda? Despu\u00e9s de seis semanas sin cortarse el pelo, suele ser una buena decisi\u00f3n, sobre todo para los peinados cortos.<\/p>\n<p>&nbsp;<\/p>\n<h3><strong>Ibiza - La furgoneta camper se encuentra con la isla espa\u00f1ola en el Mediterr\u00e1neo<\/strong><\/h3>\n<p>Si pudiera elegir, sin duda elegir\u00eda de nuevo dar la bienvenida a la primavera de 2020 en Ibiza. Disfrut\u00e9 especialmente nadando y ba\u00f1\u00e1ndome en el mar y relaj\u00e1ndome all\u00ed. Y tambi\u00e9n me apuntar\u00eda meditar, con instrucci\u00f3n en ingl\u00e9s, como una experiencia interesante. Nos vamos de Ibiza el 14 de marzo, y con ella de Espa\u00f1a, que ha sido realmente una gran experiencia.<\/p>\n<p>[\/et_pb_text][\/et_pb_column][\/et_pb_row][\/et_pb_section]<\/p>","protected":false},"excerpt":{"rendered":"<p>[et_pb_section fb_built=&#8220;1&#8243; fullwidth=&#8220;on&#8220; admin_label=&#8220;Header&#8220; _builder_version=&#8220;4.5.1&#8243; background_enable_color=&#8220;off&#8220; background_image=&#8220;https:\/\/planbwagen.de\/wp-content\/uploads\/2020\/08\/Spanien-1.jpg&#8220; background_position=&#8220;top_left&#8220; custom_padding=&#8220;0px|0|0px|0px|false|false&#8220; locked=&#8220;off&#8220;][et_pb_fullwidth_header title=&#8220;Spanien&#8220; text_orientation=&#8220;right&#8220; header_fullscreen=&#8220;on&#8220; background_overlay_color=&#8220;rgba(0,0,0,0)&#8220; logo_image_url=&#8220;https:\/\/planbwagen.de\/wp-content\/uploads\/2020\/08\/Spanien-Spain-Sagrada-Familia-Cadfghjmouflage-1.png&#8220; _builder_version=&#8220;4.5.1&#8243; title_font=&#8220;DCC Ash|700|||||||&#8220; title_text_align=&#8220;center&#8220; title_font_size=&#8220;80px&#8220; title_line_height=&#8220;1.1em&#8220; content_font=&#8220;Montserrat||||||||&#8220; content_line_height=&#8220;2em&#8220; subhead_font=&#8220;Ash||||||||&#8220; subhead_text_align=&#8220;center&#8220; subhead_font_size=&#8220;40px&#8220; subhead_line_height=&#8220;2em&#8220; background_enable_color=&#8220;off&#8220; background_enable_image=&#8220;off&#8220; parallax=&#8220;on&#8220; parallax_method=&#8220;on&#8220; custom_button_one=&#8220;on&#8220; button_one_text_size=&#8220;17px&#8220; button_one_text_color=&#8220;#ffffff&#8220; button_one_bg_color=&#8220;#ff6b5a&#8220; button_one_border_width=&#8220;7px&#8220; button_one_border_color=&#8220;#ff6b5a&#8220; button_one_border_radius=&#8220;100px&#8220; button_one_font=&#8220;Noto Sans|700||on|||||&#8220; button_one_use_icon=&#8220;off&#8220; module_alignment=&#8220;center&#8220; custom_margin=&#8220;|||&#8220; custom_padding=&#8220;0px||0px||true|&#8220; custom_padding_tablet=&#8220;100px|||&#8220; custom_padding_phone=&#8220;||20%||false|false&#8220; custom_padding_last_edited=&#8220;on|phone&#8220; animation_style=&#8220;slide&#8220; animation_direction=&#8220;top&#8220; title_font_size_tablet=&#8220;40px&#8220; title_font_size_phone=&#8220;&#8220; title_font_size_last_edited=&#8220;on|tablet&#8220; subhead_font_size_tablet=&#8220;&#8220; subhead_font_size_phone=&#8220;20px&#8220; subhead_font_size_last_edited=&#8220;on|desktop&#8220; [&hellip;]<\/p>","protected":false},"author":1,"featured_media":0,"parent":0,"menu_order":0,"comment_status":"closed","ping_status":"closed","template":"","meta":{"_et_pb_use_builder":"on","_et_pb_old_content":"","_et_gb_content_width":"","footnotes":""},"class_list":["post-2353","page","type-page","status-publish","hentry"],"_links":{"self":[{"href":"https:\/\/www.planbwagen.de\/es\/wp-json\/wp\/v2\/pages\/2353","targetHints":{"allow":["GET"]}}],"collection":[{"href":"https:\/\/www.planbwagen.de\/es\/wp-json\/wp\/v2\/pages"}],"about":[{"href":"https:\/\/www.planbwagen.de\/es\/wp-json\/wp\/v2\/types\/page"}],"author":[{"embeddable":true,"href":"https:\/\/www.planbwagen.de\/es\/wp-json\/wp\/v2\/users\/1"}],"replies":[{"embeddable":true,"href":"https:\/\/www.planbwagen.de\/es\/wp-json\/wp\/v2\/comments?post=2353"}],"version-history":[{"count":33,"href":"https:\/\/www.planbwagen.de\/es\/wp-json\/wp\/v2\/pages\/2353\/revisions"}],"predecessor-version":[{"id":13706,"href":"https:\/\/www.planbwagen.de\/es\/wp-json\/wp\/v2\/pages\/2353\/revisions\/13706"}],"wp:attachment":[{"href":"https:\/\/www.planbwagen.de\/es\/wp-json\/wp\/v2\/media?parent=2353"}],"curies":[{"name":"wp","href":"https:\/\/api.w.org\/{rel}","templated":true}]}}